{"version":"1.0","provider_name":"Com\u00f3radh N\u00e1isi\u00fanta an Ghorta Mh\u00f3ir","provider_url":"https:\/\/www.irishfamine.ie\/ga\/","title":"Com\u00f3radh N\u00e1isi\u00fanta an Ghorta Mh\u00f3ir 2009 - Com\u00f3radh N\u00e1isi\u00fanta an Ghorta Mh\u00f3ir","type":"rich","width":600,"height":338,"html":"<blockquote class=\"wp-embedded-content\" data-secret=\"ZyZe5538r1\"><a href=\"https:\/\/www.irishfamine.ie\/ga\/comoradh-naisiunta-an-ghorta-mhoir-2009\/\">Com\u00f3radh N\u00e1isi\u00fanta an Ghorta Mh\u00f3ir 2009<\/a><\/blockquote><iframe sandbox=\"allow-scripts\" security=\"restricted\" src=\"https:\/\/www.irishfamine.ie\/ga\/comoradh-naisiunta-an-ghorta-mhoir-2009\/embed\/#?secret=ZyZe5538r1\" width=\"600\" height=\"338\" title=\"&#8220;Com\u00f3radh N\u00e1isi\u00fanta an Ghorta Mh\u00f3ir 2009&#8221; &#8212; Com\u00f3radh N\u00e1isi\u00fanta an Ghorta Mh\u00f3ir\" data-secret=\"ZyZe5538r1\" frameborder=\"0\" marginwidth=\"0\" marginheight=\"0\" scrolling=\"no\" class=\"wp-embedded-content\"><\/iframe><script type=\"text\/javascript\">\n\/* <![CDATA[ *\/\n\/*! This file is auto-generated *\/\n!function(d,l){\"use strict\";l.querySelector&&d.addEventListener&&\"undefined\"!=typeof URL&&(d.wp=d.wp||{},d.wp.receiveEmbedMessage||(d.wp.receiveEmbedMessage=function(e){var t=e.data;if((t||t.secret||t.message||t.value)&&!\/[^a-zA-Z0-9]\/.test(t.secret)){for(var s,r,n,a=l.querySelectorAll('iframe[data-secret=\"'+t.secret+'\"]'),o=l.querySelectorAll('blockquote[data-secret=\"'+t.secret+'\"]'),c=new RegExp(\"^https?:$\",\"i\"),i=0;i<o.length;i++)o[i].style.display=\"none\";for(i=0;i<a.length;i++)s=a[i],e.source===s.contentWindow&&(s.removeAttribute(\"style\"),\"height\"===t.message?(1e3<(r=parseInt(t.value,10))?r=1e3:~~r<200&&(r=200),s.height=r):\"link\"===t.message&&(r=new URL(s.getAttribute(\"src\")),n=new URL(t.value),c.test(n.protocol))&&n.host===r.host&&l.activeElement===s&&(d.top.location.href=t.value))}},d.addEventListener(\"message\",d.wp.receiveEmbedMessage,!1),l.addEventListener(\"DOMContentLoaded\",function(){for(var e,t,s=l.querySelectorAll(\"iframe.wp-embedded-content\"),r=0;r<s.length;r++)(t=(e=s[r]).getAttribute(\"data-secret\"))||(t=Math.random().toString(36).substring(2,12),e.src+=\"#?secret=\"+t,e.setAttribute(\"data-secret\",t)),e.contentWindow.postMessage({message:\"ready\",secret:t},\"*\")},!1)))}(window,document);\n\/\/# sourceURL=https:\/\/www.irishfamine.ie\/wp\/wp-includes\/js\/wp-embed.min.js\n\/* ]]> *\/\n<\/script>\n","thumbnail_url":"https:\/\/www.irishfamine.ie\/app\/uploads\/2009\/05\/National-Famine-Memorial-Day-in-Skibbereen-Co-Cork.jpg","thumbnail_width":304,"thumbnail_height":280,"description":"Com\u00f3radh N\u00e1isi\u00fanta an Ghorta Mh\u00f3ir 2009 17 Bealtaine 2009 Ag lean\u00faint ar aghaidh \u00f3 na himeachta\u00ed com\u00f3rtha i gCeanada, rinne \u00c9amon \u00d3 Cu\u00edv, T.D., an tAire Gn\u00f3tha\u00ed Pobail, Tuaithe agus Gaeltachta ionada\u00edocht thar ceann an Rialtais ar L\u00e1 Cuimhneach\u00e1in N\u00e1isi\u00fanta an Ghorta Mh\u00f3ir, an 17 Bealtaine 2009, sa Sciobair\u00edn, Co Chorca\u00ed, ag searmanas soll\u00fanta chun..."}