{"version":"1.0","provider_name":"Com\u00f3radh N\u00e1isi\u00fanta an Ghorta Mh\u00f3ir","provider_url":"https:\/\/www.irishfamine.ie\/ga\/","title":"Cuimhneach\u00e1n Idirn\u00e1isi\u00fanta 2013 - Com\u00f3radh N\u00e1isi\u00fanta an Ghorta Mh\u00f3ir","type":"rich","width":600,"height":338,"html":"<blockquote class=\"wp-embedded-content\" data-secret=\"tA9emVAY7a\"><a href=\"https:\/\/www.irishfamine.ie\/ga\/cuimhneachan-idirnaisiunta-2013\/\">Cuimhneach\u00e1n Idirn\u00e1isi\u00fanta 2013<\/a><\/blockquote><iframe sandbox=\"allow-scripts\" security=\"restricted\" src=\"https:\/\/www.irishfamine.ie\/ga\/cuimhneachan-idirnaisiunta-2013\/embed\/#?secret=tA9emVAY7a\" width=\"600\" height=\"338\" title=\"&#8220;Cuimhneach\u00e1n Idirn\u00e1isi\u00fanta 2013&#8221; &#8212; Com\u00f3radh N\u00e1isi\u00fanta an Ghorta Mh\u00f3ir\" data-secret=\"tA9emVAY7a\" frameborder=\"0\" marginwidth=\"0\" marginheight=\"0\" scrolling=\"no\" class=\"wp-embedded-content\"><\/iframe><script type=\"text\/javascript\">\n\/* <![CDATA[ *\/\n\/*! This file is auto-generated *\/\n!function(d,l){\"use strict\";l.querySelector&&d.addEventListener&&\"undefined\"!=typeof URL&&(d.wp=d.wp||{},d.wp.receiveEmbedMessage||(d.wp.receiveEmbedMessage=function(e){var t=e.data;if((t||t.secret||t.message||t.value)&&!\/[^a-zA-Z0-9]\/.test(t.secret)){for(var s,r,n,a=l.querySelectorAll('iframe[data-secret=\"'+t.secret+'\"]'),o=l.querySelectorAll('blockquote[data-secret=\"'+t.secret+'\"]'),c=new RegExp(\"^https?:$\",\"i\"),i=0;i<o.length;i++)o[i].style.display=\"none\";for(i=0;i<a.length;i++)s=a[i],e.source===s.contentWindow&&(s.removeAttribute(\"style\"),\"height\"===t.message?(1e3<(r=parseInt(t.value,10))?r=1e3:~~r<200&&(r=200),s.height=r):\"link\"===t.message&&(r=new URL(s.getAttribute(\"src\")),n=new URL(t.value),c.test(n.protocol))&&n.host===r.host&&l.activeElement===s&&(d.top.location.href=t.value))}},d.addEventListener(\"message\",d.wp.receiveEmbedMessage,!1),l.addEventListener(\"DOMContentLoaded\",function(){for(var e,t,s=l.querySelectorAll(\"iframe.wp-embedded-content\"),r=0;r<s.length;r++)(t=(e=s[r]).getAttribute(\"data-secret\"))||(t=Math.random().toString(36).substring(2,12),e.src+=\"#?secret=\"+t,e.setAttribute(\"data-secret\",t)),e.contentWindow.postMessage({message:\"ready\",secret:t},\"*\")},!1)))}(window,document);\n\/\/# sourceURL=https:\/\/www.irishfamine.ie\/wp\/wp-includes\/js\/wp-embed.min.js\n\/* ]]> *\/\n<\/script>\n","description":"\u00d3r\u00e1id\u00ed: \u00d3r\u00e1id \u00f3n Aire Deenihan ag seoladh \u2018Atlas of the Great Irish Famine\u2019 sa Leabharlann St\u00e1it \u00d3r\u00e1id \u00f3n Aire Deenihan ag Parliament House, Sydney \u00d3r\u00e1id \u00f3n Aire Deenihan ag an Seimine\u00e1r faoi Chuimhneach\u00e1n Idirn\u00e1isi\u00fanta an Ghorta Mh\u00f3ir, NSW Government House Theatrette, Macquarie Street, Sydney \u00d3r\u00e1id \u00f3n Aire Deenihan ag Cuimhneach\u00e1n Idirn\u00e1isi\u00fanta an Ghorta Mh\u00f3ir, Hyde..."}