{"version":"1.0","provider_name":"Com\u00f3radh N\u00e1isi\u00fanta an Ghorta Mh\u00f3ir","provider_url":"https:\/\/www.irishfamine.ie\/ga\/","title":"F\u00f3gra\u00edtear su\u00edomh Chuimhneach\u00e1in N\u00e1isi\u00fanta an Ghorta Mh\u00f3ir 2024 - Com\u00f3radh N\u00e1isi\u00fanta an Ghorta Mh\u00f3ir","type":"rich","width":600,"height":338,"html":"<blockquote class=\"wp-embedded-content\" data-secret=\"X8b1myIj3G\"><a href=\"https:\/\/www.irishfamine.ie\/ga\/fograitear-suiomh-chuimhneachain-naisiunta-an-ghorta-mhoir-2024\/\">F\u00f3gra\u00edtear su\u00edomh Chuimhneach\u00e1in N\u00e1isi\u00fanta an Ghorta Mh\u00f3ir 2024<\/a><\/blockquote><iframe sandbox=\"allow-scripts\" security=\"restricted\" src=\"https:\/\/www.irishfamine.ie\/ga\/fograitear-suiomh-chuimhneachain-naisiunta-an-ghorta-mhoir-2024\/embed\/#?secret=X8b1myIj3G\" width=\"600\" height=\"338\" title=\"&#8220;F\u00f3gra\u00edtear su\u00edomh Chuimhneach\u00e1in N\u00e1isi\u00fanta an Ghorta Mh\u00f3ir 2024&#8221; &#8212; Com\u00f3radh N\u00e1isi\u00fanta an Ghorta Mh\u00f3ir\" data-secret=\"X8b1myIj3G\" frameborder=\"0\" marginwidth=\"0\" marginheight=\"0\" scrolling=\"no\" class=\"wp-embedded-content\"><\/iframe><script type=\"text\/javascript\">\n\/* <![CDATA[ *\/\n\/*! This file is auto-generated *\/\n!function(d,l){\"use strict\";l.querySelector&&d.addEventListener&&\"undefined\"!=typeof URL&&(d.wp=d.wp||{},d.wp.receiveEmbedMessage||(d.wp.receiveEmbedMessage=function(e){var t=e.data;if((t||t.secret||t.message||t.value)&&!\/[^a-zA-Z0-9]\/.test(t.secret)){for(var s,r,n,a=l.querySelectorAll('iframe[data-secret=\"'+t.secret+'\"]'),o=l.querySelectorAll('blockquote[data-secret=\"'+t.secret+'\"]'),c=new RegExp(\"^https?:$\",\"i\"),i=0;i<o.length;i++)o[i].style.display=\"none\";for(i=0;i<a.length;i++)s=a[i],e.source===s.contentWindow&&(s.removeAttribute(\"style\"),\"height\"===t.message?(1e3<(r=parseInt(t.value,10))?r=1e3:~~r<200&&(r=200),s.height=r):\"link\"===t.message&&(r=new URL(s.getAttribute(\"src\")),n=new URL(t.value),c.test(n.protocol))&&n.host===r.host&&l.activeElement===s&&(d.top.location.href=t.value))}},d.addEventListener(\"message\",d.wp.receiveEmbedMessage,!1),l.addEventListener(\"DOMContentLoaded\",function(){for(var e,t,s=l.querySelectorAll(\"iframe.wp-embedded-content\"),r=0;r<s.length;r++)(t=(e=s[r]).getAttribute(\"data-secret\"))||(t=Math.random().toString(36).substring(2,12),e.src+=\"#?secret=\"+t,e.setAttribute(\"data-secret\",t)),e.contentWindow.postMessage({message:\"ready\",secret:t},\"*\")},!1)))}(window,document);\n\/\/# sourceURL=https:\/\/www.irishfamine.ie\/wp\/wp-includes\/js\/wp-embed.min.js\n\/* ]]> *\/\n<\/script>\n","thumbnail_url":"https:\/\/www.irishfamine.ie\/app\/uploads\/2024\/05\/NFC2024-Edgeworthstown-Green-1024x683.png","thumbnail_width":1024,"thumbnail_height":683,"description":"Faiche Mheathas Troim D&#8217;fh\u00f3gair Catherine Martin T.D., an tAire Turas\u00f3ireachta, Cult\u00fair, Eala\u00edon, Gaeltachta, Sp\u00f3irt agus Me\u00e1n, agus Cathaoirleach Choiste Cuimhneach\u00e1in N\u00e1isi\u00fanta an Ghorta Mh\u00f3ir go mbeidh Cuimhneach\u00e1n Bliant\u00fail N\u00e1isi\u00fanta an Ghorta Mh\u00f3ir ar si\u00fal D\u00e9 Domhnaigh, an 19 Bealtaine 2024 i Meathas Troim, Co. an Longfoirt. Tabharfar deis sa searmanas poibl\u00ed, a chraolfar ar chain\u00e9al..."}