{"id":3365,"date":"2021-05-05T12:50:44","date_gmt":"2021-05-05T11:50:44","guid":{"rendered":"https:\/\/www.irishfamine.ie\/comoradh-a-dheanamh-ar-an-ghorta-mhor\/"},"modified":"2025-09-16T13:55:33","modified_gmt":"2025-09-16T12:55:33","slug":"comoradh-a-dheanamh-ar-an-ghorta-mhor","status":"publish","type":"page","link":"https:\/\/www.irishfamine.ie\/ga\/comoradh-a-dheanamh-ar-an-ghorta-mhor\/","title":{"rendered":"Com\u00f3radh a Dh\u00e9anamh ar an Ghorta Mh\u00f3r"},"content":{"rendered":"<div style=\"overflow-x: auto;\">\n<p><strong><span style=\"text-decoration: underline;\">Com\u00f3radh N\u00e1isi\u00fanta an Ghorta Mh\u00f3ir <\/span><\/strong><\/p>\n<p>Is deis \u00ed Com\u00f3radh N\u00e1isi\u00fanta an Ghorta Mh\u00f3ir don St\u00e1t agus do phobail ar fud na h\u00c9ireann urraim a dh\u00e9anamh do chuimhne iad si\u00fad a d\u2019fhulaing an b\u00e1s n\u00f3 an eisimirce mar gheall ar an imeacht ollmh\u00f3r seo in\u00e1r stair.<\/p>\n<p>\u00d3 cuireadh t\u00fas leis in 2008, re\u00e1cht\u00e1ladh Com\u00f3radh N\u00e1isi\u00fanta an Ghorta Mh\u00f3ir i ngach c\u00faige ar bhonn uain\u00edochta ar dheireadh seachtaine an tr\u00ed\u00fa Domhnaigh i m\u00ed na Bealtaine. \u00d3 cuireadh t\u00fas leis in 2008, re\u00e1cht\u00e1ladh Com\u00f3radh N\u00e1isi\u00fanta an Ghorta Mh\u00f3ir i ngach c\u00faige ar bhonn uain\u00edochta ar dheireadh seachtaine an tr\u00ed\u00fa Domhnaigh i m\u00ed na Bealtaine.<\/p>\n<p>D\u00e9antar cinneadh faoi shocruithe re\u00e1cht\u00e1il an Chom\u00f3raidh St\u00e1it seo gach bliain i ndiaidh dul i gcomhairle leis an \u00fadar\u00e1s \u00e1iti\u00fail agus an pobal \u00f3st\u00e1la \u00e1bhartha. Mar ph\u00e1irt den chom\u00f3radh, at\u00e1 ar oscailt don phobal, t\u00e1 on\u00f3racha m\u00edleata, searmanas bl\u00e1thfhleisce, agus cl\u00e1r \u00e1iti\u00fail imeachta\u00ed cult\u00fartha roimh an imeacht a dh\u00e9anann machnamh ar mh\u00f3rth\u00e9ama\u00ed an Ghorta le b\u00e9im ar leith ar thionchar an Ghorta Mh\u00f3ir ar an t\u00edrdhreach agus an mhuintir \u00e1iti\u00fail. Chomh maith leis an fhreastal phoibl\u00ed, b\u00edonn a\u00edonna, taidhleoir\u00ed agus daoine m\u00f3r le r\u00e1 i l\u00e1thair ag an imeacht.<\/p>\n<p>Tharla an ch\u00e9ad Chom\u00f3radh N\u00e1isi\u00fanta ag an ch\u00e9ad chruinni\u00fa den Choiste Chom\u00f3radh an Ghorta Mh\u00f3ir i dTeach an Chustaim, Baile \u00c1tha Cliath in 2008. In 2009, re\u00e1cht\u00e1ladh an ch\u00e9ad chom\u00f3radh a raibh ionchur \u00e1iti\u00fail agus searmanas foirme\u00e1lta St\u00e1it mar ph\u00e1irt d\u00f3 sa Sciobair\u00edn, Corcaigh. Liost\u00e1iltear su\u00edomhanna agus sonra\u00ed gach Com\u00f3radh N\u00e1isi\u00fanta an Ghorta Mh\u00f3ir th\u00edos.<\/p>\n<p>&nbsp;<\/p>\n<p><strong><span style=\"text-decoration: underline;\">Com\u00f3radh Idirn\u00e1isi\u00fanta an Ghorta Mh\u00f3ir<\/span><\/strong><\/p>\n<\/div>\n<p>Re\u00e1cht\u00e1iltear Com\u00f3radh Idirn\u00e1isi\u00fanta an Ghorta Mh\u00f3ir i su\u00edomh difri\u00fail gach bliain, chun an deis a chur ar f\u00e1il do phobail an diaspora chun cuimhne agus machnamh a dh\u00e9anamh ar thionchar an ghorta agus an eisimirce a th\u00e1inig ina dhiaidh. D\u00e9anann s\u00e9 ceili\u00faradh fosta ar \u00e9achta\u00ed iad si\u00fad a theith \u00f3 \u00c9irinn agus a shocraigh agus a chur pobail bhr\u00edomhara ar bun ar fud an domhain. Liost\u00e1iltear th\u00edos su\u00edomhanna agus sonra\u00ed gach com\u00f3radh idirn\u00e1isi\u00fanta a tharla roimhe seo.<\/p>\n<p>&nbsp;<\/p>\n<div style=\"overflow-x: auto;\">\n<table style=\"height: 3445px;\" width=\"1138\">\n<tbody>\n<tr>\n<th style=\"padding-right: 1.5rem;\">\n<h1 style=\"text-align: center;\">Bliain<\/h1>\n<\/th>\n<th style=\"text-align: center;\">\n<h1>N\u00e1isi\u00fanta<\/h1>\n<\/th>\n<th style=\"text-align: center;\">\n<h1>Idirn\u00e1isi\u00fanta<\/h1>\n<\/th>\n<\/tr>\n<tr>\n<td>\n<h2>2025<\/h2>\n<\/td>\n<td><a href=\"https:\/\/www.irishfamine.ie\/ga\/cill-mocheallog-co-luimnigh\/\"><img loading=\"lazy\" decoding=\"async\" class=\"aligncenter wp-image-3245\" src=\"https:\/\/www.irishfamine.ie\/app\/uploads\/2025\/09\/Picture-1.-Kilmallock-2025-scaled.jpg\" alt=\"\" width=\"200\" height=\"133\"><\/a><\/p>\n<h4 style=\"text-align: center;\">Cill Mocheall\u00f3g<\/h4>\n<\/td>\n<td>\n<\/td>\n<\/tr>\n<tr>\n<td>\n<h2>2024<\/h2>\n<\/td>\n<td><a href=\"https:\/\/www.irishfamine.ie\/ga\/national-famine-commemoration-takes-place-in-edgeworthstown-co-longford\/\"><img loading=\"lazy\" decoding=\"async\" class=\"aligncenter wp-image-3245\" src=\"https:\/\/www.irishfamine.ie\/app\/uploads\/2024\/05\/NationalFamineCommemoration202439of50-cropped-scaled.jpg\" alt=\"\" width=\"200\" height=\"133\"><\/a><\/p>\n<h4 style=\"text-align: center;\">Meathas Troim<\/h4>\n<\/td>\n<td>\n<\/td>\n<\/tr>\n<tr>\n<td>\n<h2>2023<\/h2>\n<\/td>\n<td><a href=\"https:\/\/www.irishfamine.ie\/ga\/milford-2023\/\"><img loading=\"lazy\" decoding=\"async\" class=\"aligncenter wp-image-3245\" src=\"https:\/\/www.irishfamine.ie\/app\/uploads\/2023\/09\/3.-Inspection-of-Guard-of-Honour-300x200.jpg\" alt=\"\" width=\"200\" height=\"133\" srcset=\"https:\/\/www.irishfamine.ie\/app\/uploads\/2023\/09\/3.-Inspection-of-Guard-of-Honour-300x200.jpg 300w, https:\/\/www.irishfamine.ie\/app\/uploads\/2023\/09\/3.-Inspection-of-Guard-of-Honour-1024x681.jpg 1024w, https:\/\/www.irishfamine.ie\/app\/uploads\/2023\/09\/3.-Inspection-of-Guard-of-Honour-768x511.jpg 768w, https:\/\/www.irishfamine.ie\/app\/uploads\/2023\/09\/3.-Inspection-of-Guard-of-Honour-1536x1022.jpg 1536w, https:\/\/www.irishfamine.ie\/app\/uploads\/2023\/09\/3.-Inspection-of-Guard-of-Honour-2048x1363.jpg 2048w\" sizes=\"auto, (max-width: 200px) 100vw, 200px\" \/><\/a><\/p>\n<h4 style=\"text-align: center;\">Baile na nGall\u00f3glach<\/h4>\n<\/td>\n<td>\n<h4 style=\"text-align: center;\">Sydney, An Astr\u00e1il<\/h4>\n<\/td>\n<\/tr>\n<tr>\n<td>\n<h2>2022<\/h2>\n<\/td>\n<td><a href=\"https:\/\/www.irishfamine.ie\/ga\/strokestown-house-co-roscommon-2022\/\"><img loading=\"lazy\" decoding=\"async\" class=\"attachment-post-thumbnail wp-post-image aligncenter wp-image-1661 size-thumbnail\" src=\"https:\/\/www.irishfamine.ie\/app\/uploads\/2022\/08\/Arrival-Famine-Commemorarion-2022-1-150x150.jpg\" alt=\"\" width=\"150\" height=\"150\"><\/a><\/p>\n<h4 style=\"text-align: center;\">P\u00e1irc Bh\u00e9al na mBuill\u00ed<\/h4>\n<\/td>\n<td><\/td>\n<\/tr>\n<tr>\n<td>\n<h2>2021<\/h2>\n<\/td>\n<td><a href=\"https:\/\/www.irishfamine.ie\/ga\/glasnevin-cemetery-dublin-2021\/\"><img loading=\"lazy\" decoding=\"async\" class=\"attachment-post-thumbnail wp-post-image aligncenter wp-image-1707 size-thumbnail\" src=\"https:\/\/www.irishfamine.ie\/app\/uploads\/2022\/08\/President-150x150.jpg\" alt=\"\" width=\"150\" height=\"150\"><\/a><\/p>\n<h4 style=\"text-align: center;\">Glas Na\u00edon<\/h4>\n<\/td>\n<td><\/td>\n<\/tr>\n<tr>\n<td>\n<h2>2020<\/h2>\n<\/td>\n<td><a href=\"https:\/\/www.irishfamine.ie\/ga\/remembering-the-famine\/commemoration-ceremony-st-stephens-green-2020\/\"><img loading=\"lazy\" decoding=\"async\" class=\"attachment-post-thumbnail wp-post-image aligncenter wp-image-457 size-thumbnail\" src=\"https:\/\/www.irishfamine.ie\/app\/uploads\/2021\/05\/1024x683_National-Famine_2020_3-150x150.jpg\" alt=\"\" width=\"150\" height=\"150\"><\/a><\/p>\n<h4 style=\"text-align: center;\">Faiche Stiabhna<\/h4>\n<\/td>\n<td><\/td>\n<\/tr>\n<tr>\n<td>\n<h2>2019<\/h2>\n<\/td>\n<td><a href=\"https:\/\/www.irishfamine.ie\/ga\/national-famine-commemoration-sligo-2019\/\"><img loading=\"lazy\" decoding=\"async\" class=\"attachment-post-thumbnail wp-post-image aligncenter wp-image-1251\" src=\"https:\/\/www.irishfamine.ie\/app\/uploads\/2019\/03\/FamineSligo_044JC-1024x678-2.jpg\" alt=\"National Famine Commemoration 2019 Sligo\" width=\"225\" height=\"150\"><\/a><\/p>\n<h4 style=\"text-align: center;\">Sligeach<\/h4>\n<\/td>\n<td><a href=\"https:\/\/www.irishfamine.ie\/ga\/comoradh-a-dheanamh-ar-an-ghorta-mhor\/phoenix-arizona-2019\/\"><img loading=\"lazy\" decoding=\"async\" class=\"attachment-post-thumbnail wp-post-image aligncenter wp-image-1321 size-thumbnail\" src=\"https:\/\/www.irishfamine.ie\/app\/uploads\/2019\/03\/International-Famine-Commemoration-2019-Toronto-150x150.jpg\" alt=\"International-Famine-Commemoration-2019-Toronto\" width=\"150\" height=\"150\"><\/a><\/p>\n<h4 style=\"text-align: center;\">Arizona, St\u00e1it Aontaithe Mheirice\u00e1<\/h4>\n<\/td>\n<\/tr>\n<tr>\n<td>\n<h2>2018<\/h2>\n<\/td>\n<td><a href=\"https:\/\/www.irishfamine.ie\/ga\/national-famine-commemoration-2018\/\"><img loading=\"lazy\" decoding=\"async\" class=\"attachment-post-thumbnail wp-post-image aligncenter wp-image-1258 size-thumbnail\" src=\"https:\/\/www.irishfamine.ie\/app\/uploads\/2018\/05\/PresidentHiggins_NationalFamine2018-e1539088266794-682x1024-2-150x150.jpg\" alt=\"PresidentHiggins National Famine 2018\" width=\"150\" height=\"150\"><\/a><\/p>\n<h4 style=\"text-align: center;\">Col\u00e1iste na hOllscoile Corcaigh<\/h4>\n<\/td>\n<td><a href=\"https:\/\/www.irishfamine.ie\/ga\/international-famine-commemoration-2018\/\"><img loading=\"lazy\" decoding=\"async\" class=\"attachment-post-thumbnail wp-post-image aligncenter wp-image-1272 size-thumbnail\" src=\"https:\/\/www.irishfamine.ie\/app\/uploads\/2018\/03\/2018-International-Famine-Commemoration-Williamstown-Melbourne-150x150.jpg\" alt=\"2018 International Famine Commemoration, Williamstown, Melbourne\" width=\"150\" height=\"150\"><\/a><\/p>\n<h4 style=\"text-align: center;\">Melbourne, An Astr\u00e1il<\/h4>\n<\/td>\n<\/tr>\n<tr>\n<td>\n<h2>2017<\/h2>\n<\/td>\n<td><a href=\"https:\/\/www.irishfamine.ie\/ga\/remembering-the-famine\/famine-warhouse-ballingarry-2017\/\"><img loading=\"lazy\" decoding=\"async\" class=\"attachment-post-thumbnail wp-post-image aligncenter wp-image-1294 size-thumbnail\" src=\"https:\/\/www.irishfamine.ie\/app\/uploads\/2017\/05\/National-Famine-Commemoration_2017-150x150.jpg\" alt=\"National-Famine-Commemoration_2017\" width=\"150\" height=\"150\"><\/a><\/p>\n<h4 style=\"text-align: center;\">Baile an Gharra\u00ed<\/h4>\n<\/td>\n<td><a href=\"https:\/\/www.irishfamine.ie\/ga\/comoradh-a-dheanamh-ar-an-ghorta-mhor\/pairc-na-heireann-toronto-2017\/\"><img loading=\"lazy\" decoding=\"async\" class=\"attachment-post-thumbnail wp-post-image aligncenter wp-image-1318 size-thumbnail\" src=\"https:\/\/www.irishfamine.ie\/app\/uploads\/2017\/02\/Irish-Famine-Wreath-T-Sandler-2017-150x150.jpg\" alt=\"Irish-Famine-Wreath-T-Sandler-2017_Ambassador Jim Kelly, Minister Patrick O\u2019Donovan T.D., Robert Kearns Chairman Ireland Park Foundation, Councillor Joe Cressy\" width=\"150\" height=\"150\"><\/a><\/p>\n<h4 style=\"text-align: center;\">Toronto, Ceanada<\/h4>\n<\/td>\n<\/tr>\n<tr>\n<td>\n<h2>2016<\/h2>\n<\/td>\n<td>\n<h4 style=\"text-align: center;\"><a href=\"https:\/\/www.irishfamine.ie\/ga\/national-famine-commemoration-2016\/\"><img loading=\"lazy\" decoding=\"async\" class=\"attachment-post-thumbnail wp-post-image aligncenter wp-image-1302 size-thumbnail\" src=\"https:\/\/www.irishfamine.ie\/app\/uploads\/2016\/09\/National-Famine-Commemoration-Galsnevin-2016-150x150.jpg\" alt=\"\" width=\"150\" height=\"150\"><\/a>Glas Na\u00edon<\/h4>\n<\/td>\n<td><a href=\"https:\/\/www.irishfamine.ie\/ga\/comoradh-a-dheanamh-ar-an-ghorta-mhor\/cuimhneachan-na-heireann-philadelphia-2016\/\" rel=\"noopener\"><img loading=\"lazy\" decoding=\"async\" class=\"attachment-post-thumbnail wp-post-image aligncenter wp-image-2005 size-thumbnail\" src=\"https:\/\/www.irishfamine.ie\/app\/uploads\/2022\/08\/Picture-5-1024x678-2-150x150.jpg\" alt=\"\" width=\"150\" height=\"150\"><\/a><\/p>\n<h4 style=\"text-align: center;\">Philadelphia, St\u00e1it Aontaithe Mheirice\u00e1<\/h4>\n<\/td>\n<\/tr>\n<tr>\n<td>\n<h2>2015<\/h2>\n<\/td>\n<td><a href=\"https:\/\/www.irishfamine.ie\/ga\/remembering-the-famine\/newry-northern-ireland-2015\/\" rel=\"noopener\"><img loading=\"lazy\" decoding=\"async\" class=\"attachment-post-thumbnail wp-post-image aligncenter wp-image-2091 size-thumbnail\" src=\"https:\/\/www.irishfamine.ie\/app\/uploads\/2022\/08\/nmdfaminecrowdstage-1-150x150.jpg\" alt=\"\" width=\"150\" height=\"150\"><\/a><\/p>\n<h4 style=\"text-align: center;\">I\u00far Chinn Tr\u00e1<\/h4>\n<\/td>\n<td><a href=\"https:\/\/www.irishfamine.ie\/ga\/cuimhneachan-idirnaisiunta-an-ghorta-mhoir-2015\/\"><img loading=\"lazy\" decoding=\"async\" class=\"attachment-post-thumbnail wp-post-image aligncenter wp-image-2042 size-thumbnail\" src=\"https:\/\/www.irishfamine.ie\/app\/uploads\/2022\/08\/cover-150x150.jpg\" alt=\"\" width=\"150\" height=\"150\"><\/a><\/p>\n<h4 style=\"text-align: center;\">New Brunswick, Ceanada<\/h4>\n<\/td>\n<\/tr>\n<tr>\n<td>\n<h2>2014<\/h2>\n<\/td>\n<td><a href=\"https:\/\/www.irishfamine.ie\/ga\/comoradh-naisiunta-an-ghorta-mhoir-2014\/\" rel=\"noopener\"><img loading=\"lazy\" decoding=\"async\" class=\"attachment-post-thumbnail wp-post-image aligncenter wp-image-517 size-thumbnail\" src=\"https:\/\/www.irishfamine.ie\/app\/uploads\/2021\/05\/1024x774_Famine-Commemoration_2014_3-150x150.jpg\" alt=\"\" width=\"150\" height=\"150\"><\/a><\/p>\n<h4 style=\"text-align: center;\">P\u00e1irc Bh\u00e9al na mBuill\u00ed<\/h4>\n<\/td>\n<td><a href=\"https:\/\/www.irishfamine.ie\/ga\/comoradh-a-dheanamh-ar-an-ghorta-mhor\/new-orleans-2014\/\" rel=\"noopener\"><img loading=\"lazy\" decoding=\"async\" class=\"attachment-post-thumbnail wp-post-image aligncenter wp-image-572 size-thumbnail\" src=\"https:\/\/www.irishfamine.ie\/app\/uploads\/2021\/05\/International_2014_23-150x150.jpg\" alt=\"\" width=\"150\" height=\"150\"><\/a><\/p>\n<h4 style=\"text-align: center;\">New Orleans, St\u00e1it Aontaithe Mheirice\u00e1<\/h4>\n<\/td>\n<\/tr>\n<tr>\n<td>\n<h2>2013<\/h2>\n<\/td>\n<td><a href=\"https:\/\/www.irishfamine.ie\/ga\/gcill-rois-contae-an-chlair-2013\/\" rel=\"noopener\"><img loading=\"lazy\" decoding=\"async\" class=\"attachment-post-thumbnail wp-post-image aligncenter wp-image-775 size-thumbnail\" src=\"https:\/\/www.irishfamine.ie\/app\/uploads\/2021\/05\/National-Famine-Commemoration_Kilrush-County-Clare_2013_37-150x150.jpg\" alt=\"\" width=\"150\" height=\"150\"><\/a><\/p>\n<h4 style=\"text-align: center;\">Cill Rois<\/h4>\n<\/td>\n<td><a href=\"https:\/\/www.irishfamine.ie\/ga\/comoradh-a-dheanamh-ar-an-ghorta-mhor\/sydney-2013\/\"><img loading=\"lazy\" decoding=\"async\" class=\"attachment-post-thumbnail wp-post-image aligncenter wp-image-2155 size-thumbnail\" src=\"https:\/\/www.irishfamine.ie\/app\/uploads\/2022\/08\/sydney10-150x150.jpg\" alt=\"\" width=\"150\" height=\"150\"><\/a><\/p>\n<h4 style=\"text-align: center;\">Sydney, An Astr\u00e1il<\/h4>\n<\/td>\n<\/tr>\n<tr>\n<td>\n<h2>2012<\/h2>\n<\/td>\n<td><a href=\"https:\/\/www.irishfamine.ie\/ga\/comoradh-naisiunta-an-ghorta-mhoir-2012\/\"><img loading=\"lazy\" decoding=\"async\" class=\"attachment-post-thumbnail wp-post-image aligncenter wp-image-822 size-thumbnail\" src=\"https:\/\/www.irishfamine.ie\/app\/uploads\/2021\/05\/National-Famine-Commemoration_Drogheda_2012_-1-150x150.jpg\" alt=\"\" width=\"150\" height=\"150\"><\/a><\/p>\n<h4 style=\"text-align: center;\">Droichead \u00c1tha<\/h4>\n<\/td>\n<td><a href=\"https:\/\/www.irishfamine.ie\/ga\/comoradh-a-dheanamh-ar-an-ghorta-mhor\/fanueil-hall-boston-2012\/\"><img loading=\"lazy\" decoding=\"async\" class=\"attachment-post-thumbnail wp-post-image aligncenter wp-image-2161 size-thumbnail\" src=\"https:\/\/www.irishfamine.ie\/app\/uploads\/2022\/08\/International-Famine-Commemoration_Fanueil-Hall-Boston_2012_-1-150x150.jpg\" alt=\"\" width=\"150\" height=\"150\"><\/a><\/p>\n<h4 style=\"text-align: center;\">Bost\u00fan, St\u00e1it Aontaithe Mheirice\u00e1<\/h4>\n<\/td>\n<\/tr>\n<tr>\n<td>\n<h2>2011<\/h2>\n<\/td>\n<td><a href=\"https:\/\/www.irishfamine.ie\/ga\/clones-co-monaghan-2011\/\" rel=\"noopener\"><img loading=\"lazy\" decoding=\"async\" class=\"attachment-post-thumbnail wp-post-image aligncenter wp-image-977 size-thumbnail\" src=\"https:\/\/www.irishfamine.ie\/app\/uploads\/2021\/05\/National-Famine-Commemoration_Clones-County-Monaghan_2011_-1-150x150.jpg\" alt=\"\" width=\"150\" height=\"150\"><\/a><\/p>\n<h4 style=\"text-align: center;\">Cluain Eois<\/h4>\n<\/td>\n<td><a href=\"https:\/\/www.irishfamine.ie\/ga\/comoradh-a-dheanamh-ar-an-ghorta-mhor\/st-lukes-church-liverpool-2011\/\" rel=\"noopener\"><img loading=\"lazy\" decoding=\"async\" class=\"attachment-post-thumbnail wp-post-image aligncenter wp-image-967 size-thumbnail\" src=\"https:\/\/www.irishfamine.ie\/app\/uploads\/2021\/05\/International-Famine-Commemoration_Liverpool_2011_-2-150x150.jpg\" alt=\"\" width=\"150\" height=\"150\"><\/a><\/p>\n<h4 style=\"text-align: center;\">Learpholl<\/h4>\n<\/td>\n<\/tr>\n<tr>\n<td>\n<h2>2010<\/h2>\n<\/td>\n<td><a href=\"https:\/\/www.irishfamine.ie\/ga\/murrisk-croagh-patrick-2010\/\"><img loading=\"lazy\" decoding=\"async\" class=\"attachment-post-thumbnail wp-post-image aligncenter wp-image-2575 size-thumbnail\" src=\"https:\/\/www.irishfamine.ie\/app\/uploads\/2022\/09\/Murrisk-2010-Minister-Pat-Carey-TD-150x150.jpg\" alt=\"\" width=\"150\" height=\"150\"><br \/>\n<\/a><\/p>\n<h4 style=\"text-align: center;\">Muraisc<\/h4>\n<\/td>\n<td><a href=\"https:\/\/www.irishfamine.ie\/ga\/comoradh-a-dheanamh-ar-an-ghorta-mhor\/battery-park-city-new-york-2010\/\" rel=\"noopener\"><img loading=\"lazy\" decoding=\"async\" class=\"attachment-post-thumbnail wp-post-image aligncenter wp-image-2547 size-thumbnail\" src=\"https:\/\/www.irishfamine.ie\/app\/uploads\/2022\/08\/2010-International-Famine-Commemoration-969x1024-1-150x150.jpg\" alt=\"\" width=\"150\" height=\"150\"><\/a><\/p>\n<h4 style=\"text-align: center;\">Nua-Eabhrac, St\u00e1it Aontaithe Mheirice\u00e1<\/h4>\n<\/td>\n<\/tr>\n<tr>\n<td>\n<h2>2009<\/h2>\n<\/td>\n<td>\n<h4 style=\"text-align: center;\"><a href=\"https:\/\/www.irishfamine.ie\/ga\/comoradh-naisiunta-an-ghorta-mhoir-2009\/\">An Sciobair\u00edn<\/a><\/h4>\n<\/td>\n<td>\n<h4 style=\"text-align: center;\"><\/h4>\n<\/td>\n<\/tr>\n<tr>\n<td>\n<h2>2008<\/h2>\n<\/td>\n<td>\n<h4 style=\"text-align: center;\">Teach an Chustaim<\/h4>\n<\/td>\n<td>\n<h4 style=\"text-align: center;\"><\/h4>\n<\/td>\n<\/tr>\n<\/tbody>\n<\/table>\n<\/div>\n","protected":false},"excerpt":{"rendered":"<p>Com\u00f3radh N\u00e1isi\u00fanta an Ghorta Mh\u00f3ir Is deis \u00ed Com\u00f3radh N\u00e1isi\u00fanta an Ghorta Mh\u00f3ir don St\u00e1t agus do phobail ar fud na h\u00c9ireann urraim a dh\u00e9anamh do chuimhne iad si\u00fad a d\u2019fhulaing an b\u00e1s n\u00f3 an eisimirce mar gheall ar an imeacht ollmh\u00f3r seo in\u00e1r stair. \u00d3 cuireadh t\u00fas leis in 2008, re\u00e1cht\u00e1ladh Com\u00f3radh N\u00e1isi\u00fanta an&#8230; <\/p>\n","protected":false},"author":3,"featured_media":0,"parent":0,"menu_order":6,"comment_status":"closed","ping_status":"closed","template":"full-width.php","meta":{"footnotes":""},"class_list":["post-3365","page","type-page","status-publish","hentry"],"yoast_head":"<!-- This site is optimized with the Yoast SEO plugin v27.2 - https:\/\/yoast.com\/product\/yoast-seo-wordpress\/ -->\n<title>Com\u00f3radh a Dh\u00e9anamh ar an Ghorta Mh\u00f3r - Com\u00f3radh N\u00e1isi\u00fanta an Ghorta Mh\u00f3ir<\/title>\n<meta name=\"robots\" content=\"index, follow, max-snippet:-1, max-image-preview:large, max-video-preview:-1\" \/>\n<link rel=\"canonical\" href=\"https:\/\/www.irishfamine.ie\/ga\/comoradh-a-dheanamh-ar-an-ghorta-mhor\/\" \/>\n<meta property=\"og:locale\" content=\"ga_IE\" \/>\n<meta property=\"og:type\" content=\"article\" \/>\n<meta property=\"og:title\" content=\"Com\u00f3radh a Dh\u00e9anamh ar an Ghorta Mh\u00f3r - Com\u00f3radh N\u00e1isi\u00fanta an Ghorta Mh\u00f3ir\" \/>\n<meta property=\"og:description\" content=\"Com\u00f3radh N\u00e1isi\u00fanta an Ghorta Mh\u00f3ir Is deis \u00ed Com\u00f3radh N\u00e1isi\u00fanta an Ghorta Mh\u00f3ir don St\u00e1t agus do phobail ar fud na h\u00c9ireann urraim a dh\u00e9anamh do chuimhne iad si\u00fad a d\u2019fhulaing an b\u00e1s n\u00f3 an eisimirce mar gheall ar an imeacht ollmh\u00f3r seo in\u00e1r stair. \u00d3 cuireadh t\u00fas leis in 2008, re\u00e1cht\u00e1ladh Com\u00f3radh N\u00e1isi\u00fanta an...\" \/>\n<meta property=\"og:url\" content=\"https:\/\/www.irishfamine.ie\/ga\/comoradh-a-dheanamh-ar-an-ghorta-mhor\/\" \/>\n<meta property=\"og:site_name\" content=\"Com\u00f3radh N\u00e1isi\u00fanta an Ghorta Mh\u00f3ir\" \/>\n<meta property=\"article:publisher\" content=\"https:\/\/www.facebook.com\/DepartmentofCultureIRL\/\" \/>\n<meta property=\"article:modified_time\" content=\"2025-09-16T12:55:33+00:00\" \/>\n<meta property=\"og:image\" content=\"https:\/\/www.irishfamine.ie\/app\/uploads\/2023\/09\/3.-Inspection-of-Guard-of-Honour-scaled.jpg\" \/>\n\t<meta property=\"og:image:width\" content=\"2560\" \/>\n\t<meta property=\"og:image:height\" content=\"1703\" \/>\n\t<meta property=\"og:image:type\" content=\"image\/jpeg\" \/>\n<meta name=\"twitter:card\" content=\"summary_large_image\" \/>\n<meta name=\"twitter:site\" content=\"@DeptCultureIRL\" \/>\n<meta name=\"twitter:label1\" content=\"Est. reading time\" \/>\n\t<meta name=\"twitter:data1\" content=\"7 minutes\" \/>\n<script type=\"application\/ld+json\" class=\"yoast-schema-graph\">{\"@context\":\"https:\/\/schema.org\",\"@graph\":[{\"@type\":\"WebPage\",\"@id\":\"https:\/\/www.irishfamine.ie\/ga\/comoradh-a-dheanamh-ar-an-ghorta-mhor\/\",\"url\":\"https:\/\/www.irishfamine.ie\/ga\/comoradh-a-dheanamh-ar-an-ghorta-mhor\/\",\"name\":\"Com\u00f3radh a Dh\u00e9anamh ar an Ghorta Mh\u00f3r - Com\u00f3radh N\u00e1isi\u00fanta an Ghorta Mh\u00f3ir\",\"isPartOf\":{\"@id\":\"https:\/\/www.irishfamine.ie\/ga\/#website\"},\"primaryImageOfPage\":{\"@id\":\"https:\/\/www.irishfamine.ie\/ga\/comoradh-a-dheanamh-ar-an-ghorta-mhor\/#primaryimage\"},\"image\":{\"@id\":\"https:\/\/www.irishfamine.ie\/ga\/comoradh-a-dheanamh-ar-an-ghorta-mhor\/#primaryimage\"},\"thumbnailUrl\":\"https:\/\/www.irishfamine.ie\/app\/uploads\/2025\/09\/Picture-1.-Kilmallock-2025-scaled.jpg\",\"datePublished\":\"2021-05-05T11:50:44+00:00\",\"dateModified\":\"2025-09-16T12:55:33+00:00\",\"breadcrumb\":{\"@id\":\"https:\/\/www.irishfamine.ie\/ga\/comoradh-a-dheanamh-ar-an-ghorta-mhor\/#breadcrumb\"},\"inLanguage\":\"ga-IE\",\"potentialAction\":[{\"@type\":\"ReadAction\",\"target\":[\"https:\/\/www.irishfamine.ie\/ga\/comoradh-a-dheanamh-ar-an-ghorta-mhor\/\"]}]},{\"@type\":\"ImageObject\",\"inLanguage\":\"ga-IE\",\"@id\":\"https:\/\/www.irishfamine.ie\/ga\/comoradh-a-dheanamh-ar-an-ghorta-mhor\/#primaryimage\",\"url\":\"https:\/\/www.irishfamine.ie\/app\/uploads\/2025\/09\/Picture-1.-Kilmallock-2025-scaled.jpg\",\"contentUrl\":\"https:\/\/www.irishfamine.ie\/app\/uploads\/2025\/09\/Picture-1.-Kilmallock-2025-scaled.jpg\"},{\"@type\":\"BreadcrumbList\",\"@id\":\"https:\/\/www.irishfamine.ie\/ga\/comoradh-a-dheanamh-ar-an-ghorta-mhor\/#breadcrumb\",\"itemListElement\":[{\"@type\":\"ListItem\",\"position\":1,\"name\":\"Home\",\"item\":\"https:\/\/www.irishfamine.ie\/ga\/\"},{\"@type\":\"ListItem\",\"position\":2,\"name\":\"Com\u00f3radh a Dh\u00e9anamh ar an Ghorta Mh\u00f3r\"}]},{\"@type\":\"WebSite\",\"@id\":\"https:\/\/www.irishfamine.ie\/ga\/#website\",\"url\":\"https:\/\/www.irishfamine.ie\/ga\/\",\"name\":\"National Famine Commemoration\",\"description\":\"\",\"publisher\":{\"@id\":\"https:\/\/www.irishfamine.ie\/ga\/#organization\"},\"potentialAction\":[{\"@type\":\"SearchAction\",\"target\":{\"@type\":\"EntryPoint\",\"urlTemplate\":\"https:\/\/www.irishfamine.ie\/ga\/?s={search_term_string}\"},\"query-input\":{\"@type\":\"PropertyValueSpecification\",\"valueRequired\":true,\"valueName\":\"search_term_string\"}}],\"inLanguage\":\"ga-IE\"},{\"@type\":\"Organization\",\"@id\":\"https:\/\/www.irishfamine.ie\/ga\/#organization\",\"name\":\"Department of Tourism, Culture, Arts, Gaeltacht, Sport & Media\",\"url\":\"https:\/\/www.irishfamine.ie\/ga\/\",\"logo\":{\"@type\":\"ImageObject\",\"inLanguage\":\"ga-IE\",\"@id\":\"https:\/\/www.irishfamine.ie\/ga\/#\/schema\/logo\/image\/\",\"url\":\"https:\/\/www.irishfamine.ie\/app\/uploads\/2021\/05\/dep-of-Tourism-Culture-Arts-Gaeltacht-sport-and-media-_logo.png\",\"contentUrl\":\"https:\/\/www.irishfamine.ie\/app\/uploads\/2021\/05\/dep-of-Tourism-Culture-Arts-Gaeltacht-sport-and-media-_logo.png\",\"width\":300,\"height\":148,\"caption\":\"Department of Tourism, Culture, Arts, Gaeltacht, Sport & Media\"},\"image\":{\"@id\":\"https:\/\/www.irishfamine.ie\/ga\/#\/schema\/logo\/image\/\"},\"sameAs\":[\"https:\/\/www.facebook.com\/DepartmentofCultureIRL\/\",\"https:\/\/x.com\/DeptCultureIRL\"]}]}<\/script>\n<!-- \/ Yoast SEO plugin. -->","yoast_head_json":{"title":"Com\u00f3radh a Dh\u00e9anamh ar an Ghorta Mh\u00f3r - Com\u00f3radh N\u00e1isi\u00fanta an Ghorta Mh\u00f3ir","robots":{"index":"index","follow":"follow","max-snippet":"max-snippet:-1","max-image-preview":"max-image-preview:large","max-video-preview":"max-video-preview:-1"},"canonical":"https:\/\/www.irishfamine.ie\/ga\/comoradh-a-dheanamh-ar-an-ghorta-mhor\/","og_locale":"ga_IE","og_type":"article","og_title":"Com\u00f3radh a Dh\u00e9anamh ar an Ghorta Mh\u00f3r - Com\u00f3radh N\u00e1isi\u00fanta an Ghorta Mh\u00f3ir","og_description":"Com\u00f3radh N\u00e1isi\u00fanta an Ghorta Mh\u00f3ir Is deis \u00ed Com\u00f3radh N\u00e1isi\u00fanta an Ghorta Mh\u00f3ir don St\u00e1t agus do phobail ar fud na h\u00c9ireann urraim a dh\u00e9anamh do chuimhne iad si\u00fad a d\u2019fhulaing an b\u00e1s n\u00f3 an eisimirce mar gheall ar an imeacht ollmh\u00f3r seo in\u00e1r stair. \u00d3 cuireadh t\u00fas leis in 2008, re\u00e1cht\u00e1ladh Com\u00f3radh N\u00e1isi\u00fanta an...","og_url":"https:\/\/www.irishfamine.ie\/ga\/comoradh-a-dheanamh-ar-an-ghorta-mhor\/","og_site_name":"Com\u00f3radh N\u00e1isi\u00fanta an Ghorta Mh\u00f3ir","article_publisher":"https:\/\/www.facebook.com\/DepartmentofCultureIRL\/","article_modified_time":"2025-09-16T12:55:33+00:00","og_image":[{"width":2560,"height":1703,"url":"https:\/\/www.irishfamine.ie\/app\/uploads\/2023\/09\/3.-Inspection-of-Guard-of-Honour-scaled.jpg","type":"image\/jpeg"}],"twitter_card":"summary_large_image","twitter_site":"@DeptCultureIRL","twitter_misc":{"Est. reading time":"7 minutes"},"schema":{"@context":"https:\/\/schema.org","@graph":[{"@type":"WebPage","@id":"https:\/\/www.irishfamine.ie\/ga\/comoradh-a-dheanamh-ar-an-ghorta-mhor\/","url":"https:\/\/www.irishfamine.ie\/ga\/comoradh-a-dheanamh-ar-an-ghorta-mhor\/","name":"Com\u00f3radh a Dh\u00e9anamh ar an Ghorta Mh\u00f3r - Com\u00f3radh N\u00e1isi\u00fanta an Ghorta Mh\u00f3ir","isPartOf":{"@id":"https:\/\/www.irishfamine.ie\/ga\/#website"},"primaryImageOfPage":{"@id":"https:\/\/www.irishfamine.ie\/ga\/comoradh-a-dheanamh-ar-an-ghorta-mhor\/#primaryimage"},"image":{"@id":"https:\/\/www.irishfamine.ie\/ga\/comoradh-a-dheanamh-ar-an-ghorta-mhor\/#primaryimage"},"thumbnailUrl":"https:\/\/www.irishfamine.ie\/app\/uploads\/2025\/09\/Picture-1.-Kilmallock-2025-scaled.jpg","datePublished":"2021-05-05T11:50:44+00:00","dateModified":"2025-09-16T12:55:33+00:00","breadcrumb":{"@id":"https:\/\/www.irishfamine.ie\/ga\/comoradh-a-dheanamh-ar-an-ghorta-mhor\/#breadcrumb"},"inLanguage":"ga-IE","potentialAction":[{"@type":"ReadAction","target":["https:\/\/www.irishfamine.ie\/ga\/comoradh-a-dheanamh-ar-an-ghorta-mhor\/"]}]},{"@type":"ImageObject","inLanguage":"ga-IE","@id":"https:\/\/www.irishfamine.ie\/ga\/comoradh-a-dheanamh-ar-an-ghorta-mhor\/#primaryimage","url":"https:\/\/www.irishfamine.ie\/app\/uploads\/2025\/09\/Picture-1.-Kilmallock-2025-scaled.jpg","contentUrl":"https:\/\/www.irishfamine.ie\/app\/uploads\/2025\/09\/Picture-1.-Kilmallock-2025-scaled.jpg"},{"@type":"BreadcrumbList","@id":"https:\/\/www.irishfamine.ie\/ga\/comoradh-a-dheanamh-ar-an-ghorta-mhor\/#breadcrumb","itemListElement":[{"@type":"ListItem","position":1,"name":"Home","item":"https:\/\/www.irishfamine.ie\/ga\/"},{"@type":"ListItem","position":2,"name":"Com\u00f3radh a Dh\u00e9anamh ar an Ghorta Mh\u00f3r"}]},{"@type":"WebSite","@id":"https:\/\/www.irishfamine.ie\/ga\/#website","url":"https:\/\/www.irishfamine.ie\/ga\/","name":"National Famine Commemoration","description":"","publisher":{"@id":"https:\/\/www.irishfamine.ie\/ga\/#organization"},"potentialAction":[{"@type":"SearchAction","target":{"@type":"EntryPoint","urlTemplate":"https:\/\/www.irishfamine.ie\/ga\/?s={search_term_string}"},"query-input":{"@type":"PropertyValueSpecification","valueRequired":true,"valueName":"search_term_string"}}],"inLanguage":"ga-IE"},{"@type":"Organization","@id":"https:\/\/www.irishfamine.ie\/ga\/#organization","name":"Department of Tourism, Culture, Arts, Gaeltacht, Sport & Media","url":"https:\/\/www.irishfamine.ie\/ga\/","logo":{"@type":"ImageObject","inLanguage":"ga-IE","@id":"https:\/\/www.irishfamine.ie\/ga\/#\/schema\/logo\/image\/","url":"https:\/\/www.irishfamine.ie\/app\/uploads\/2021\/05\/dep-of-Tourism-Culture-Arts-Gaeltacht-sport-and-media-_logo.png","contentUrl":"https:\/\/www.irishfamine.ie\/app\/uploads\/2021\/05\/dep-of-Tourism-Culture-Arts-Gaeltacht-sport-and-media-_logo.png","width":300,"height":148,"caption":"Department of Tourism, Culture, Arts, Gaeltacht, Sport & Media"},"image":{"@id":"https:\/\/www.irishfamine.ie\/ga\/#\/schema\/logo\/image\/"},"sameAs":["https:\/\/www.facebook.com\/DepartmentofCultureIRL\/","https:\/\/x.com\/DeptCultureIRL"]}]}},"_links":{"self":[{"href":"https:\/\/www.irishfamine.ie\/ga\/wp-json\/wp\/v2\/pages\/3365","targetHints":{"allow":["GET"]}}],"collection":[{"href":"https:\/\/www.irishfamine.ie\/ga\/wp-json\/wp\/v2\/pages"}],"about":[{"href":"https:\/\/www.irishfamine.ie\/ga\/wp-json\/wp\/v2\/types\/page"}],"author":[{"embeddable":true,"href":"https:\/\/www.irishfamine.ie\/ga\/wp-json\/wp\/v2\/users\/3"}],"replies":[{"embeddable":true,"href":"https:\/\/www.irishfamine.ie\/ga\/wp-json\/wp\/v2\/comments?post=3365"}],"version-history":[{"count":23,"href":"https:\/\/www.irishfamine.ie\/ga\/wp-json\/wp\/v2\/pages\/3365\/revisions"}],"predecessor-version":[{"id":3881,"href":"https:\/\/www.irishfamine.ie\/ga\/wp-json\/wp\/v2\/pages\/3365\/revisions\/3881"}],"wp:attachment":[{"href":"https:\/\/www.irishfamine.ie\/ga\/wp-json\/wp\/v2\/media?parent=3365"}],"curies":[{"name":"wp","href":"https:\/\/api.w.org\/{rel}","templated":true}]}}