{"id":3367,"date":"2021-05-05T12:48:48","date_gmt":"2021-05-05T11:48:48","guid":{"rendered":"https:\/\/www.irishfamine.ie\/coiste-cngm\/"},"modified":"2024-05-08T15:26:54","modified_gmt":"2024-05-08T14:26:54","slug":"coiste-cngm","status":"publish","type":"page","link":"https:\/\/www.irishfamine.ie\/ga\/coiste-cngm\/","title":{"rendered":"Coiste CNGM"},"content":{"rendered":"<p>D\u00e9anann an tAire Turas\u00f3ireachta, Cult\u00fair, Eala\u00edon, Gaeltachta, Sp\u00f3irt agus Me\u00e1n, Catherine Martin T.D., cathaoirleacht ar an Choiste, at\u00e1 comhdh\u00e9anta de staraithe, ionadaithe \u00f3 earn\u00e1il na carthanachta, Leabharlann N\u00e1isi\u00fanta na h\u00c9ireann, agus an Chomhairle Eala\u00edon, chomh maith le hoifigigh \u00f3n Roinn Oideachais, an Roinn Gn\u00f3tha\u00ed Eachtracha agus Tr\u00e1d\u00e1la, Roinn an Taoisigh, an Roinn Cosanta, agus ionadaithe \u00f3 \u00d3glaigh na h\u00c9ireann.<\/p>\n<p>Imrothla\u00edonn an com\u00f3radh n\u00e1isi\u00fanta bliant\u00fail idir ceithre ch\u00faige na h\u00c9ireann. Bogann an com\u00f3radh n\u00e1isi\u00fanta bliant\u00fail idir cheithre ch\u00faige na h\u00c9ireann. D\u00e9anann Coiste Chom\u00f3radh N\u00e1isi\u00fanta an Ghorta Mh\u00f3ir meas\u00fan\u00fa agus meastach\u00e1n ar aighneachta\u00ed a fhaightear i gcomhreir le crit\u00e9ir chaighde\u00e1nacha chomhaontaithe. Nuair a thagann Coiste Chom\u00f3radh N\u00e1isi\u00fanta an Ghorta Mh\u00f3ir chun r\u00e9iteach ar shu\u00edomh, cuireann an tAire f\u00f3gra amach faoin tsu\u00edomh.<\/p>\n","protected":false},"excerpt":{"rendered":"<p>D\u00e9anann an tAire Turas\u00f3ireachta, Cult\u00fair, Eala\u00edon, Gaeltachta, Sp\u00f3irt agus Me\u00e1n, Catherine Martin T.D., cathaoirleacht ar an Choiste, at\u00e1 comhdh\u00e9anta de staraithe, ionadaithe \u00f3 earn\u00e1il na carthanachta, Leabharlann N\u00e1isi\u00fanta na h\u00c9ireann, agus an Chomhairle Eala\u00edon, chomh maith le hoifigigh \u00f3n Roinn Oideachais, an Roinn Gn\u00f3tha\u00ed Eachtracha agus Tr\u00e1d\u00e1la, Roinn an Taoisigh, an Roinn Cosanta, agus ionadaithe&#8230; <\/p>\n","protected":false},"author":3,"featured_media":0,"parent":0,"menu_order":4,"comment_status":"closed","ping_status":"closed","template":"full-width.php","meta":{"footnotes":""},"class_list":["post-3367","page","type-page","status-publish","hentry"],"yoast_head":"<!-- This site is optimized with the Yoast SEO plugin v27.2 - https:\/\/yoast.com\/product\/yoast-seo-wordpress\/ -->\n<title>Coiste CNGM - Com\u00f3radh N\u00e1isi\u00fanta an Ghorta Mh\u00f3ir<\/title>\n<meta name=\"robots\" content=\"index, follow, max-snippet:-1, max-image-preview:large, max-video-preview:-1\" \/>\n<link rel=\"canonical\" href=\"https:\/\/www.irishfamine.ie\/ga\/coiste-cngm\/\" \/>\n<meta property=\"og:locale\" content=\"ga_IE\" \/>\n<meta property=\"og:type\" content=\"article\" \/>\n<meta property=\"og:title\" content=\"Coiste CNGM - Com\u00f3radh N\u00e1isi\u00fanta an Ghorta Mh\u00f3ir\" \/>\n<meta property=\"og:description\" content=\"D\u00e9anann an tAire Turas\u00f3ireachta, Cult\u00fair, Eala\u00edon, Gaeltachta, Sp\u00f3irt agus Me\u00e1n, Catherine Martin T.D., cathaoirleacht ar an Choiste, at\u00e1 comhdh\u00e9anta de staraithe, ionadaithe \u00f3 earn\u00e1il na carthanachta, Leabharlann N\u00e1isi\u00fanta na h\u00c9ireann, agus an Chomhairle Eala\u00edon, chomh maith le hoifigigh \u00f3n Roinn Oideachais, an Roinn Gn\u00f3tha\u00ed Eachtracha agus Tr\u00e1d\u00e1la, Roinn an Taoisigh, an Roinn Cosanta, agus ionadaithe...\" \/>\n<meta property=\"og:url\" content=\"https:\/\/www.irishfamine.ie\/ga\/coiste-cngm\/\" \/>\n<meta property=\"og:site_name\" content=\"Com\u00f3radh N\u00e1isi\u00fanta an Ghorta Mh\u00f3ir\" \/>\n<meta property=\"article:publisher\" content=\"https:\/\/www.facebook.com\/DepartmentofCultureIRL\/\" \/>\n<meta property=\"article:modified_time\" content=\"2024-05-08T14:26:54+00:00\" \/>\n<meta name=\"twitter:card\" content=\"summary_large_image\" \/>\n<meta name=\"twitter:site\" content=\"@DeptCultureIRL\" \/>\n<meta name=\"twitter:label1\" content=\"Est. reading time\" \/>\n\t<meta name=\"twitter:data1\" content=\"1 minute\" \/>\n<script type=\"application\/ld+json\" class=\"yoast-schema-graph\">{\"@context\":\"https:\/\/schema.org\",\"@graph\":[{\"@type\":\"WebPage\",\"@id\":\"https:\/\/www.irishfamine.ie\/ga\/coiste-cngm\/\",\"url\":\"https:\/\/www.irishfamine.ie\/ga\/coiste-cngm\/\",\"name\":\"Coiste CNGM - Com\u00f3radh N\u00e1isi\u00fanta an Ghorta Mh\u00f3ir\",\"isPartOf\":{\"@id\":\"https:\/\/www.irishfamine.ie\/ga\/#website\"},\"datePublished\":\"2021-05-05T11:48:48+00:00\",\"dateModified\":\"2024-05-08T14:26:54+00:00\",\"breadcrumb\":{\"@id\":\"https:\/\/www.irishfamine.ie\/ga\/coiste-cngm\/#breadcrumb\"},\"inLanguage\":\"ga-IE\",\"potentialAction\":[{\"@type\":\"ReadAction\",\"target\":[\"https:\/\/www.irishfamine.ie\/ga\/coiste-cngm\/\"]}]},{\"@type\":\"BreadcrumbList\",\"@id\":\"https:\/\/www.irishfamine.ie\/ga\/coiste-cngm\/#breadcrumb\",\"itemListElement\":[{\"@type\":\"ListItem\",\"position\":1,\"name\":\"Home\",\"item\":\"https:\/\/www.irishfamine.ie\/ga\/\"},{\"@type\":\"ListItem\",\"position\":2,\"name\":\"Coiste CNGM\"}]},{\"@type\":\"WebSite\",\"@id\":\"https:\/\/www.irishfamine.ie\/ga\/#website\",\"url\":\"https:\/\/www.irishfamine.ie\/ga\/\",\"name\":\"National Famine Commemoration\",\"description\":\"\",\"publisher\":{\"@id\":\"https:\/\/www.irishfamine.ie\/ga\/#organization\"},\"potentialAction\":[{\"@type\":\"SearchAction\",\"target\":{\"@type\":\"EntryPoint\",\"urlTemplate\":\"https:\/\/www.irishfamine.ie\/ga\/?s={search_term_string}\"},\"query-input\":{\"@type\":\"PropertyValueSpecification\",\"valueRequired\":true,\"valueName\":\"search_term_string\"}}],\"inLanguage\":\"ga-IE\"},{\"@type\":\"Organization\",\"@id\":\"https:\/\/www.irishfamine.ie\/ga\/#organization\",\"name\":\"Department of Tourism, Culture, Arts, Gaeltacht, Sport & Media\",\"url\":\"https:\/\/www.irishfamine.ie\/ga\/\",\"logo\":{\"@type\":\"ImageObject\",\"inLanguage\":\"ga-IE\",\"@id\":\"https:\/\/www.irishfamine.ie\/ga\/#\/schema\/logo\/image\/\",\"url\":\"https:\/\/www.irishfamine.ie\/app\/uploads\/2021\/05\/dep-of-Tourism-Culture-Arts-Gaeltacht-sport-and-media-_logo.png\",\"contentUrl\":\"https:\/\/www.irishfamine.ie\/app\/uploads\/2021\/05\/dep-of-Tourism-Culture-Arts-Gaeltacht-sport-and-media-_logo.png\",\"width\":300,\"height\":148,\"caption\":\"Department of Tourism, Culture, Arts, Gaeltacht, Sport & Media\"},\"image\":{\"@id\":\"https:\/\/www.irishfamine.ie\/ga\/#\/schema\/logo\/image\/\"},\"sameAs\":[\"https:\/\/www.facebook.com\/DepartmentofCultureIRL\/\",\"https:\/\/x.com\/DeptCultureIRL\"]}]}<\/script>\n<!-- \/ Yoast SEO plugin. -->","yoast_head_json":{"title":"Coiste CNGM - Com\u00f3radh N\u00e1isi\u00fanta an Ghorta Mh\u00f3ir","robots":{"index":"index","follow":"follow","max-snippet":"max-snippet:-1","max-image-preview":"max-image-preview:large","max-video-preview":"max-video-preview:-1"},"canonical":"https:\/\/www.irishfamine.ie\/ga\/coiste-cngm\/","og_locale":"ga_IE","og_type":"article","og_title":"Coiste CNGM - Com\u00f3radh N\u00e1isi\u00fanta an Ghorta Mh\u00f3ir","og_description":"D\u00e9anann an tAire Turas\u00f3ireachta, Cult\u00fair, Eala\u00edon, Gaeltachta, Sp\u00f3irt agus Me\u00e1n, Catherine Martin T.D., cathaoirleacht ar an Choiste, at\u00e1 comhdh\u00e9anta de staraithe, ionadaithe \u00f3 earn\u00e1il na carthanachta, Leabharlann N\u00e1isi\u00fanta na h\u00c9ireann, agus an Chomhairle Eala\u00edon, chomh maith le hoifigigh \u00f3n Roinn Oideachais, an Roinn Gn\u00f3tha\u00ed Eachtracha agus Tr\u00e1d\u00e1la, Roinn an Taoisigh, an Roinn Cosanta, agus ionadaithe...","og_url":"https:\/\/www.irishfamine.ie\/ga\/coiste-cngm\/","og_site_name":"Com\u00f3radh N\u00e1isi\u00fanta an Ghorta Mh\u00f3ir","article_publisher":"https:\/\/www.facebook.com\/DepartmentofCultureIRL\/","article_modified_time":"2024-05-08T14:26:54+00:00","twitter_card":"summary_large_image","twitter_site":"@DeptCultureIRL","twitter_misc":{"Est. reading time":"1 minute"},"schema":{"@context":"https:\/\/schema.org","@graph":[{"@type":"WebPage","@id":"https:\/\/www.irishfamine.ie\/ga\/coiste-cngm\/","url":"https:\/\/www.irishfamine.ie\/ga\/coiste-cngm\/","name":"Coiste CNGM - Com\u00f3radh N\u00e1isi\u00fanta an Ghorta Mh\u00f3ir","isPartOf":{"@id":"https:\/\/www.irishfamine.ie\/ga\/#website"},"datePublished":"2021-05-05T11:48:48+00:00","dateModified":"2024-05-08T14:26:54+00:00","breadcrumb":{"@id":"https:\/\/www.irishfamine.ie\/ga\/coiste-cngm\/#breadcrumb"},"inLanguage":"ga-IE","potentialAction":[{"@type":"ReadAction","target":["https:\/\/www.irishfamine.ie\/ga\/coiste-cngm\/"]}]},{"@type":"BreadcrumbList","@id":"https:\/\/www.irishfamine.ie\/ga\/coiste-cngm\/#breadcrumb","itemListElement":[{"@type":"ListItem","position":1,"name":"Home","item":"https:\/\/www.irishfamine.ie\/ga\/"},{"@type":"ListItem","position":2,"name":"Coiste CNGM"}]},{"@type":"WebSite","@id":"https:\/\/www.irishfamine.ie\/ga\/#website","url":"https:\/\/www.irishfamine.ie\/ga\/","name":"National Famine Commemoration","description":"","publisher":{"@id":"https:\/\/www.irishfamine.ie\/ga\/#organization"},"potentialAction":[{"@type":"SearchAction","target":{"@type":"EntryPoint","urlTemplate":"https:\/\/www.irishfamine.ie\/ga\/?s={search_term_string}"},"query-input":{"@type":"PropertyValueSpecification","valueRequired":true,"valueName":"search_term_string"}}],"inLanguage":"ga-IE"},{"@type":"Organization","@id":"https:\/\/www.irishfamine.ie\/ga\/#organization","name":"Department of Tourism, Culture, Arts, Gaeltacht, Sport & Media","url":"https:\/\/www.irishfamine.ie\/ga\/","logo":{"@type":"ImageObject","inLanguage":"ga-IE","@id":"https:\/\/www.irishfamine.ie\/ga\/#\/schema\/logo\/image\/","url":"https:\/\/www.irishfamine.ie\/app\/uploads\/2021\/05\/dep-of-Tourism-Culture-Arts-Gaeltacht-sport-and-media-_logo.png","contentUrl":"https:\/\/www.irishfamine.ie\/app\/uploads\/2021\/05\/dep-of-Tourism-Culture-Arts-Gaeltacht-sport-and-media-_logo.png","width":300,"height":148,"caption":"Department of Tourism, Culture, Arts, Gaeltacht, Sport & Media"},"image":{"@id":"https:\/\/www.irishfamine.ie\/ga\/#\/schema\/logo\/image\/"},"sameAs":["https:\/\/www.facebook.com\/DepartmentofCultureIRL\/","https:\/\/x.com\/DeptCultureIRL"]}]}},"_links":{"self":[{"href":"https:\/\/www.irishfamine.ie\/ga\/wp-json\/wp\/v2\/pages\/3367","targetHints":{"allow":["GET"]}}],"collection":[{"href":"https:\/\/www.irishfamine.ie\/ga\/wp-json\/wp\/v2\/pages"}],"about":[{"href":"https:\/\/www.irishfamine.ie\/ga\/wp-json\/wp\/v2\/types\/page"}],"author":[{"embeddable":true,"href":"https:\/\/www.irishfamine.ie\/ga\/wp-json\/wp\/v2\/users\/3"}],"replies":[{"embeddable":true,"href":"https:\/\/www.irishfamine.ie\/ga\/wp-json\/wp\/v2\/comments?post=3367"}],"version-history":[{"count":3,"href":"https:\/\/www.irishfamine.ie\/ga\/wp-json\/wp\/v2\/pages\/3367\/revisions"}],"predecessor-version":[{"id":3647,"href":"https:\/\/www.irishfamine.ie\/ga\/wp-json\/wp\/v2\/pages\/3367\/revisions\/3647"}],"wp:attachment":[{"href":"https:\/\/www.irishfamine.ie\/ga\/wp-json\/wp\/v2\/media?parent=3367"}],"curies":[{"name":"wp","href":"https:\/\/api.w.org\/{rel}","templated":true}]}}