{"id":3488,"date":"2022-08-17T12:04:45","date_gmt":"2022-08-17T11:04:45","guid":{"rendered":"https:\/\/www.irishfamine.ie\/national-famine-commemoration-sligo-2019\/"},"modified":"2024-04-08T11:10:19","modified_gmt":"2024-04-08T10:10:19","slug":"national-famine-commemoration-sligo-2019","status":"publish","type":"page","link":"https:\/\/www.irishfamine.ie\/ga\/national-famine-commemoration-sligo-2019\/","title":{"rendered":"National Famine Commemoration, Sligo 2019"},"content":{"rendered":"<h6><em>National Famine Commemoration Ceremony<\/em><br \/><em>19 Bealtaine<\/em><br \/><em>Sligeach<\/em><\/h6>\n<p><strong>An Taoiseach agus an tAire Madigan ag Searmanas Cuimhneach\u00e1in N\u00e1isi\u00fanta an Ghorta Mh\u00f3ir i Sligeach<\/strong><\/p>\n<p>Rinne an Taoiseach Leo Varadkar T.D. com\u00f3radh ar an nGorta M\u00f3r D\u00e9 Domhnaigh an 19 <sup>th<\/sup> Bealtaine i Sligeach. Bh\u00ed an tAire Cult\u00fair, Oidhreachta agus Gaeltachta, Josepha Madigan T.D. ina theannta.<\/p>\n<p>Mar chuid de shearmanas an St\u00e1it bh\u00ed on\u00f3racha m\u00edleata agus leag Ambasad\u00f3ir\u00ed chun na h\u00c9ireann bl\u00e1thfhleasca i gcuimhne orthusan go l\u00e9ir a d&#8217;fhulaing agus a fuair b\u00e1s le linn an Ghorta Mh\u00f3ir.<\/p>\n<p>Mar chuid den chl\u00e1r pobail ag an imeacht sheinn ceolt\u00f3ir\u00ed de chuid Chomhaltas Ceolt\u00f3ir\u00ed \u00c9ireann Shligigh agus C\u00f3r an Ghorta Mh\u00f3ir, Sligeach ina bhfuil 60 duine ann, a cuireadh ar bun go speisialta don Chom\u00f3radh. L\u00e9igh Cathaoirleach Chomhairle Chontae Shligigh, Martin Baker agus M\u00e9ara Shligigh, an Comhairleoir Rosaleen O\u2019Grady, l\u00e9achta\u00ed agus d\u00fairt lucht eaglaise \u00e1iti\u00fail paidreacha.<\/p>\n<p>Mar chuid den chuimhneach\u00e1n freisin, sheol Cathaoirleach Chom\u00f3radh N\u00e1isi\u00fanta an Ghorta Mh\u00f3ir, Josepha Madigan T.D., an tAire Cult\u00fair, Oidhreachta agus Gaeltachta, leabhr\u00e1n a chuir an Coiste Cuimhneach\u00e1in N\u00e1isi\u00fanta an Ghorta Mh\u00f3ir, Sligeach le ch\u00e9ile faoin nGorta M\u00f3r in 1997 chun 150 bliain \u00f3 tharla an Gorta M\u00f3r a chom\u00f3radh.<sup>th<\/sup> Is in Ionad Eala\u00edon Model a bh\u00ed an seoladh sin.<\/p>\n<p>I ndiaidh an Chuimhneach\u00e1in, taispe\u00e1nadh r\u00e9amhbhlaiseadh de <em>Lost Children of The Carricks<\/em>, a scr\u00edobh agus a sti\u00fair an tOllamh Gear\u00f3id \u00d3 hAllmhur\u00e1inin in Ionad Eala\u00edon Model.<\/p>\n<p>Ag an imeacht d\u00fairt an Taoiseach Leo Varadkar:<\/p>\n<p><em>\u201cBh\u00ed an Gorta M\u00f3r ar an rud ba thubaist\u00ed a tharla riamh i stair na h\u00c9ireann. Bhain an gorta le gach contae agus bh\u00ed m\u00e9id a tharla i Sligeach uaf\u00e1sach agus tubaisteach. 162 uair a sheol an b\u00e1d as Calafort Shligigh, idir 1847 agus 1851, go Ceanada agus go St\u00e1it Aontaithe Mheirice\u00e1 a bh\u00ed a triail den chuid is m\u00f3. D\u2019imigh 13,000 duine i 1847 leis f\u00e9in. D\u2019imigh 440 duine as seo \u2018Bark Larch\u2019 le dul go Quebec. Bh\u00e1saigh go leor d\u00edobh ar an mbealach. Fuair an t\u00e9 a bhain ceann scr\u00edbe amach faoiseamh \u00f3n Athair Bernard McGauran, ar mba as Sligeach \u00e9 f\u00e9in.<\/em><\/p>\n<p><em>\u201c\u201cS\u00edlim gurb \u00e9 an bealach is fearr a bhf\u00e9adfaimis \u00f3m\u00f3s a l\u00e9iri\u00fa d\u00f3ibhsean a shaothraigh an Gorta M\u00f3r agus a bh\u00e1saigh lena linn n\u00e1 d\u00e1imh a l\u00e9iri\u00fa d\u00f3ibhsean at\u00e1 i l\u00e1r gorta sa l\u00e1 at\u00e1 inniu ann, b\u00edodh sin de bharr tubaist\u00ed n\u00e1d\u00fartha n\u00f3 cos ar bolg. D\u2019fh\u00e9ach \u00c9ire i gc\u00f3na\u00ed cuidi\u00fa le deireadh a chur le bochtaineacht agus ganntan ar fud an domhain. Ba theifigh muide tr\u00e1th agus is maith a thuigimid an c\u00fanamh agus an chabhair a fuaireamar \u00f3 th\u00edortha ar fud an domhain. T\u00e1 s\u00e9 sin fanta linn agus muid ag iarraidh cuidi\u00fa le teifigh sa l\u00e1 at\u00e1 inniu ann.\u201d <\/em><em> <\/em><\/p>\n<p>D\u00fairt an tAire Madigan:<\/p>\n<p><em>\u201cBa mhaith liom bu\u00edochas a ghlacadh leis na pobail agus na coist\u00ed \u00e1iti\u00fala ar fud oile\u00e1n na h\u00c9ireann a oibr\u00edonn go d\u00fathrachtach chun cuimhneamh orthusan a shaothraigh an Gorta. Ba mhaith liom bu\u00edochas ar leith a ghlacadh le Comhairle Chontae Shligigh agus le Coiste Cuimhneach\u00e1in N\u00e1isi\u00fanta an Ghorta Mh\u00f3ir, Sligeach. <\/em><\/p>\n<p><em>T\u00e1 r\u00edm\u00e9ad orm go bhfuil an leabhr\u00e1n seo i gcl\u00f3 ar\u00eds, le c\u00fanamh gna\u00ed\u00fail \u00f3 Chomhairle Chontae Shligigh, agus \u00e9 a sheoladh an athuair inniu. T\u00e1im s\u00e1sta go nd\u00e9anfar c\u00f3ipeanna den taifead t\u00e1bhachtach \u00e1iti\u00fail seo a dh\u00e1ileadh ar scoileanna na h\u00e1ite agus t\u00e1im cinnte gur acmhainn r\u00edluachmhar m\u00fainteoireachta a bheidh ann amach anseo.<\/em><\/p>\n<style type=\"text\/css\">\n\t\t\t#gallery-1 {\n\t\t\t\tmargin: auto;\n\t\t\t}\n\t\t\t#gallery-1 .gallery-item {\n\t\t\t\tfloat: left;\n\t\t\t\tmargin-top: 10px;\n\t\t\t\ttext-align: center;\n\t\t\t\twidth: 25%;\n\t\t\t}\n\t\t\t#gallery-1 img {\n\t\t\t\tborder: 2px solid #cfcfcf;\n\t\t\t}\n\t\t\t#gallery-1 .gallery-caption {\n\t\t\t\tmargin-left: 0;\n\t\t\t}\n\t\t\t\/* see gallery_shortcode() in wp-includes\/media.php *\/\n\t\t<\/style>\n<dl class=\"gallery-item\">\n<dt class=\"gallery-icon landscape\">\n\t\t\t\t<a data-elementor-open-lightbox=\"yes\" data-elementor-lightbox-slideshow=\"e4ee83c\" data-elementor-lightbox-title=\"Capture\" e-action-hash=\"#elementor-action%3Aaction%3Dlightbox%26settings%3DeyJpZCI6MTI1MywidXJsIjoiaHR0cHM6XC9cL3Rlc3QuaXJpc2hmYW1pbmUuaWVcL2FwcFwvdXBsb2Fkc1wvMjAxOVwvMDNcL0NhcHR1cmUuanBnIiwic2xpZGVzaG93IjoiZTRlZTgzYyJ9\" href=\"https:\/\/www.irishfamine.ie\/app\/uploads\/2019\/03\/Capture.jpg\"><img decoding=\"async\" width=\"304\" height=\"280\" src=\"https:\/\/www.irishfamine.ie\/app\/uploads\/2019\/03\/Capture.jpg\" alt=\"\" loading=\"lazy\" srcset=\"https:\/\/www.irishfamine.ie\/app\/uploads\/2019\/03\/Capture.jpg 304w, https:\/\/www.irishfamine.ie\/app\/uploads\/2019\/03\/Capture-300x276.jpg 300w\" sizes=\"auto, (max-width: 304px) 100vw, 304px\"><\/a>\n\t\t\t<\/dt>\n<\/dl>\n<dl class=\"gallery-item\">\n<dt class=\"gallery-icon landscape\">\n\t\t\t\t<a data-elementor-open-lightbox=\"yes\" data-elementor-lightbox-slideshow=\"e4ee83c\" data-elementor-lightbox-title=\"National Famine Commemoration Sligo 2019 (1)\" e-action-hash=\"#elementor-action%3Aaction%3Dlightbox%26settings%3DeyJpZCI6MTg0MSwidXJsIjoiaHR0cHM6XC9cL3Rlc3QuaXJpc2hmYW1pbmUuaWVcL2FwcFwvdXBsb2Fkc1wvMjAyMlwvMDhcL05hdGlvbmFsLUZhbWluZS1Db21tZW1vcmF0aW9uLVNsaWdvLTIwMTktMS5qcGciLCJzbGlkZXNob3ciOiJlNGVlODNjIn0%3D\" href=\"https:\/\/www.irishfamine.ie\/app\/uploads\/2022\/08\/National-Famine-Commemoration-Sligo-2019-1.jpg\"><img decoding=\"async\" width=\"1024\" height=\"682\" src=\"https:\/\/www.irishfamine.ie\/app\/uploads\/2022\/08\/National-Famine-Commemoration-Sligo-2019-1-1024x682.jpg\" alt=\"\" loading=\"lazy\" srcset=\"https:\/\/www.irishfamine.ie\/app\/uploads\/2022\/08\/National-Famine-Commemoration-Sligo-2019-1-1024x682.jpg 1024w, https:\/\/www.irishfamine.ie\/app\/uploads\/2022\/08\/National-Famine-Commemoration-Sligo-2019-1-300x200.jpg 300w, https:\/\/www.irishfamine.ie\/app\/uploads\/2022\/08\/National-Famine-Commemoration-Sligo-2019-1-768x512.jpg 768w, https:\/\/www.irishfamine.ie\/app\/uploads\/2022\/08\/National-Famine-Commemoration-Sligo-2019-1-1536x1023.jpg 1536w, https:\/\/www.irishfamine.ie\/app\/uploads\/2022\/08\/National-Famine-Commemoration-Sligo-2019-1.jpg 1600w\" sizes=\"auto, (max-width: 1024px) 100vw, 1024px\"><\/a>\n\t\t\t<\/dt>\n<\/dl>\n<dl class=\"gallery-item\">\n<dt class=\"gallery-icon landscape\">\n\t\t\t\t<a data-elementor-open-lightbox=\"yes\" data-elementor-lightbox-slideshow=\"e4ee83c\" data-elementor-lightbox-title=\"National Famine Commemoration Sligo 2019 (3)\" e-action-hash=\"#elementor-action%3Aaction%3Dlightbox%26settings%3DeyJpZCI6MTg0MywidXJsIjoiaHR0cHM6XC9cL3Rlc3QuaXJpc2hmYW1pbmUuaWVcL2FwcFwvdXBsb2Fkc1wvMjAyMlwvMDhcL05hdGlvbmFsLUZhbWluZS1Db21tZW1vcmF0aW9uLVNsaWdvLTIwMTktMy5qcGciLCJzbGlkZXNob3ciOiJlNGVlODNjIn0%3D\" href=\"https:\/\/www.irishfamine.ie\/app\/uploads\/2022\/08\/National-Famine-Commemoration-Sligo-2019-3.jpg\"><img decoding=\"async\" width=\"680\" height=\"510\" src=\"https:\/\/www.irishfamine.ie\/app\/uploads\/2022\/08\/National-Famine-Commemoration-Sligo-2019-3.jpg\" alt=\"\" loading=\"lazy\" srcset=\"https:\/\/www.irishfamine.ie\/app\/uploads\/2022\/08\/National-Famine-Commemoration-Sligo-2019-3.jpg 680w, https:\/\/www.irishfamine.ie\/app\/uploads\/2022\/08\/National-Famine-Commemoration-Sligo-2019-3-300x225.jpg 300w\" sizes=\"auto, (max-width: 680px) 100vw, 680px\"><\/a>\n\t\t\t<\/dt>\n<\/dl>\n<dl class=\"gallery-item\">\n<dt class=\"gallery-icon landscape\">\n\t\t\t\t<a data-elementor-open-lightbox=\"yes\" data-elementor-lightbox-slideshow=\"e4ee83c\" data-elementor-lightbox-title=\"National Famine Commemoration Sligo 2019 (4)\" e-action-hash=\"#elementor-action%3Aaction%3Dlightbox%26settings%3DeyJpZCI6MTg0NCwidXJsIjoiaHR0cHM6XC9cL3Rlc3QuaXJpc2hmYW1pbmUuaWVcL2FwcFwvdXBsb2Fkc1wvMjAyMlwvMDhcL05hdGlvbmFsLUZhbWluZS1Db21tZW1vcmF0aW9uLVNsaWdvLTIwMTktNC5qcGciLCJzbGlkZXNob3ciOiJlNGVlODNjIn0%3D\" href=\"https:\/\/www.irishfamine.ie\/app\/uploads\/2022\/08\/National-Famine-Commemoration-Sligo-2019-4.jpg\"><img decoding=\"async\" width=\"1024\" height=\"682\" src=\"https:\/\/www.irishfamine.ie\/app\/uploads\/2022\/08\/National-Famine-Commemoration-Sligo-2019-4-1024x682.jpg\" alt=\"\" loading=\"lazy\" srcset=\"https:\/\/www.irishfamine.ie\/app\/uploads\/2022\/08\/National-Famine-Commemoration-Sligo-2019-4-1024x682.jpg 1024w, https:\/\/www.irishfamine.ie\/app\/uploads\/2022\/08\/National-Famine-Commemoration-Sligo-2019-4-300x200.jpg 300w, https:\/\/www.irishfamine.ie\/app\/uploads\/2022\/08\/National-Famine-Commemoration-Sligo-2019-4-768x512.jpg 768w, https:\/\/www.irishfamine.ie\/app\/uploads\/2022\/08\/National-Famine-Commemoration-Sligo-2019-4-1536x1023.jpg 1536w, https:\/\/www.irishfamine.ie\/app\/uploads\/2022\/08\/National-Famine-Commemoration-Sligo-2019-4.jpg 1600w\" sizes=\"auto, (max-width: 1024px) 100vw, 1024px\"><\/a>\n\t\t\t<\/dt>\n<\/dl>\n<p><br style=\"clear: both\"><\/p>\n<dl class=\"gallery-item\">\n<dt class=\"gallery-icon landscape\">\n\t\t\t\t<a data-elementor-open-lightbox=\"yes\" data-elementor-lightbox-slideshow=\"e4ee83c\" data-elementor-lightbox-title=\"National Famine Commemoration Sligo 2019 (2)\" e-action-hash=\"#elementor-action%3Aaction%3Dlightbox%26settings%3DeyJpZCI6MTg0MiwidXJsIjoiaHR0cHM6XC9cL3Rlc3QuaXJpc2hmYW1pbmUuaWVcL2FwcFwvdXBsb2Fkc1wvMjAyMlwvMDhcL05hdGlvbmFsLUZhbWluZS1Db21tZW1vcmF0aW9uLVNsaWdvLTIwMTktMi5qcGciLCJzbGlkZXNob3ciOiJlNGVlODNjIn0%3D\" href=\"https:\/\/www.irishfamine.ie\/app\/uploads\/2022\/08\/National-Famine-Commemoration-Sligo-2019-2.jpg\"><img decoding=\"async\" width=\"680\" height=\"383\" src=\"https:\/\/www.irishfamine.ie\/app\/uploads\/2022\/08\/National-Famine-Commemoration-Sligo-2019-2.jpg\" alt=\"\" loading=\"lazy\" srcset=\"https:\/\/www.irishfamine.ie\/app\/uploads\/2022\/08\/National-Famine-Commemoration-Sligo-2019-2.jpg 680w, https:\/\/www.irishfamine.ie\/app\/uploads\/2022\/08\/National-Famine-Commemoration-Sligo-2019-2-300x169.jpg 300w\" sizes=\"auto, (max-width: 680px) 100vw, 680px\"><\/a>\n\t\t\t<\/dt>\n<\/dl>\n<p>\t\t\t<br style=\"clear: both\"><\/p>\n","protected":false},"excerpt":{"rendered":"<p>National Famine Commemoration Ceremony19 BealtaineSligeach An Taoiseach agus an tAire Madigan ag Searmanas Cuimhneach\u00e1in N\u00e1isi\u00fanta an Ghorta Mh\u00f3ir i Sligeach Rinne an Taoiseach Leo Varadkar T.D. com\u00f3radh ar an nGorta M\u00f3r D\u00e9 Domhnaigh an 19 th Bealtaine i Sligeach. Bh\u00ed an tAire Cult\u00fair, Oidhreachta agus Gaeltachta, Josepha Madigan T.D. ina theannta. Mar chuid de shearmanas&#8230; <\/p>\n","protected":false},"author":3,"featured_media":0,"parent":0,"menu_order":0,"comment_status":"closed","ping_status":"closed","template":"full-width.php","meta":{"footnotes":""},"class_list":["post-3488","page","type-page","status-publish","hentry"],"yoast_head":"<!-- This site is optimized with the Yoast SEO plugin v27.2 - https:\/\/yoast.com\/product\/yoast-seo-wordpress\/ -->\n<title>National Famine Commemoration, Sligo 2019 - Com\u00f3radh N\u00e1isi\u00fanta an Ghorta Mh\u00f3ir<\/title>\n<meta name=\"robots\" content=\"index, follow, max-snippet:-1, max-image-preview:large, max-video-preview:-1\" \/>\n<link rel=\"canonical\" href=\"https:\/\/www.irishfamine.ie\/ga\/national-famine-commemoration-sligo-2019\/\" \/>\n<meta property=\"og:locale\" content=\"ga_IE\" \/>\n<meta property=\"og:type\" content=\"article\" \/>\n<meta property=\"og:title\" content=\"National Famine Commemoration, Sligo 2019 - Com\u00f3radh N\u00e1isi\u00fanta an Ghorta Mh\u00f3ir\" \/>\n<meta property=\"og:description\" content=\"National Famine Commemoration Ceremony19 BealtaineSligeach An Taoiseach agus an tAire Madigan ag Searmanas Cuimhneach\u00e1in N\u00e1isi\u00fanta an Ghorta Mh\u00f3ir i Sligeach Rinne an Taoiseach Leo Varadkar T.D. com\u00f3radh ar an nGorta M\u00f3r D\u00e9 Domhnaigh an 19 th Bealtaine i Sligeach. Bh\u00ed an tAire Cult\u00fair, Oidhreachta agus Gaeltachta, Josepha Madigan T.D. ina theannta. Mar chuid de shearmanas...\" \/>\n<meta property=\"og:url\" content=\"https:\/\/www.irishfamine.ie\/ga\/national-famine-commemoration-sligo-2019\/\" \/>\n<meta property=\"og:site_name\" content=\"Com\u00f3radh N\u00e1isi\u00fanta an Ghorta Mh\u00f3ir\" \/>\n<meta property=\"article:publisher\" content=\"https:\/\/www.facebook.com\/DepartmentofCultureIRL\/\" \/>\n<meta property=\"article:modified_time\" content=\"2024-04-08T10:10:19+00:00\" \/>\n<meta property=\"og:image\" content=\"https:\/\/www.irishfamine.ie\/app\/uploads\/2019\/03\/Capture.jpg\" \/>\n<meta name=\"twitter:card\" content=\"summary_large_image\" \/>\n<meta name=\"twitter:site\" content=\"@DeptCultureIRL\" \/>\n<meta name=\"twitter:label1\" content=\"Est. reading time\" \/>\n\t<meta name=\"twitter:data1\" content=\"3 minutes\" \/>\n<script type=\"application\/ld+json\" class=\"yoast-schema-graph\">{\"@context\":\"https:\/\/schema.org\",\"@graph\":[{\"@type\":\"WebPage\",\"@id\":\"https:\/\/www.irishfamine.ie\/ga\/national-famine-commemoration-sligo-2019\/\",\"url\":\"https:\/\/www.irishfamine.ie\/ga\/national-famine-commemoration-sligo-2019\/\",\"name\":\"National Famine Commemoration, Sligo 2019 - Com\u00f3radh N\u00e1isi\u00fanta an Ghorta Mh\u00f3ir\",\"isPartOf\":{\"@id\":\"https:\/\/www.irishfamine.ie\/ga\/#website\"},\"primaryImageOfPage\":{\"@id\":\"https:\/\/www.irishfamine.ie\/ga\/national-famine-commemoration-sligo-2019\/#primaryimage\"},\"image\":{\"@id\":\"https:\/\/www.irishfamine.ie\/ga\/national-famine-commemoration-sligo-2019\/#primaryimage\"},\"thumbnailUrl\":\"https:\/\/www.irishfamine.ie\/app\/uploads\/2019\/03\/Capture.jpg\",\"datePublished\":\"2022-08-17T11:04:45+00:00\",\"dateModified\":\"2024-04-08T10:10:19+00:00\",\"breadcrumb\":{\"@id\":\"https:\/\/www.irishfamine.ie\/ga\/national-famine-commemoration-sligo-2019\/#breadcrumb\"},\"inLanguage\":\"ga-IE\",\"potentialAction\":[{\"@type\":\"ReadAction\",\"target\":[\"https:\/\/www.irishfamine.ie\/ga\/national-famine-commemoration-sligo-2019\/\"]}]},{\"@type\":\"ImageObject\",\"inLanguage\":\"ga-IE\",\"@id\":\"https:\/\/www.irishfamine.ie\/ga\/national-famine-commemoration-sligo-2019\/#primaryimage\",\"url\":\"https:\/\/www.irishfamine.ie\/app\/uploads\/2019\/03\/Capture.jpg\",\"contentUrl\":\"https:\/\/www.irishfamine.ie\/app\/uploads\/2019\/03\/Capture.jpg\"},{\"@type\":\"BreadcrumbList\",\"@id\":\"https:\/\/www.irishfamine.ie\/ga\/national-famine-commemoration-sligo-2019\/#breadcrumb\",\"itemListElement\":[{\"@type\":\"ListItem\",\"position\":1,\"name\":\"Home\",\"item\":\"https:\/\/www.irishfamine.ie\/ga\/\"},{\"@type\":\"ListItem\",\"position\":2,\"name\":\"National Famine Commemoration, Sligo 2019\"}]},{\"@type\":\"WebSite\",\"@id\":\"https:\/\/www.irishfamine.ie\/ga\/#website\",\"url\":\"https:\/\/www.irishfamine.ie\/ga\/\",\"name\":\"National Famine Commemoration\",\"description\":\"\",\"publisher\":{\"@id\":\"https:\/\/www.irishfamine.ie\/ga\/#organization\"},\"potentialAction\":[{\"@type\":\"SearchAction\",\"target\":{\"@type\":\"EntryPoint\",\"urlTemplate\":\"https:\/\/www.irishfamine.ie\/ga\/?s={search_term_string}\"},\"query-input\":{\"@type\":\"PropertyValueSpecification\",\"valueRequired\":true,\"valueName\":\"search_term_string\"}}],\"inLanguage\":\"ga-IE\"},{\"@type\":\"Organization\",\"@id\":\"https:\/\/www.irishfamine.ie\/ga\/#organization\",\"name\":\"Department of Tourism, Culture, Arts, Gaeltacht, Sport & Media\",\"url\":\"https:\/\/www.irishfamine.ie\/ga\/\",\"logo\":{\"@type\":\"ImageObject\",\"inLanguage\":\"ga-IE\",\"@id\":\"https:\/\/www.irishfamine.ie\/ga\/#\/schema\/logo\/image\/\",\"url\":\"https:\/\/www.irishfamine.ie\/app\/uploads\/2021\/05\/dep-of-Tourism-Culture-Arts-Gaeltacht-sport-and-media-_logo.png\",\"contentUrl\":\"https:\/\/www.irishfamine.ie\/app\/uploads\/2021\/05\/dep-of-Tourism-Culture-Arts-Gaeltacht-sport-and-media-_logo.png\",\"width\":300,\"height\":148,\"caption\":\"Department of Tourism, Culture, Arts, Gaeltacht, Sport & Media\"},\"image\":{\"@id\":\"https:\/\/www.irishfamine.ie\/ga\/#\/schema\/logo\/image\/\"},\"sameAs\":[\"https:\/\/www.facebook.com\/DepartmentofCultureIRL\/\",\"https:\/\/x.com\/DeptCultureIRL\"]}]}<\/script>\n<!-- \/ Yoast SEO plugin. -->","yoast_head_json":{"title":"National Famine Commemoration, Sligo 2019 - Com\u00f3radh N\u00e1isi\u00fanta an Ghorta Mh\u00f3ir","robots":{"index":"index","follow":"follow","max-snippet":"max-snippet:-1","max-image-preview":"max-image-preview:large","max-video-preview":"max-video-preview:-1"},"canonical":"https:\/\/www.irishfamine.ie\/ga\/national-famine-commemoration-sligo-2019\/","og_locale":"ga_IE","og_type":"article","og_title":"National Famine Commemoration, Sligo 2019 - Com\u00f3radh N\u00e1isi\u00fanta an Ghorta Mh\u00f3ir","og_description":"National Famine Commemoration Ceremony19 BealtaineSligeach An Taoiseach agus an tAire Madigan ag Searmanas Cuimhneach\u00e1in N\u00e1isi\u00fanta an Ghorta Mh\u00f3ir i Sligeach Rinne an Taoiseach Leo Varadkar T.D. com\u00f3radh ar an nGorta M\u00f3r D\u00e9 Domhnaigh an 19 th Bealtaine i Sligeach. Bh\u00ed an tAire Cult\u00fair, Oidhreachta agus Gaeltachta, Josepha Madigan T.D. ina theannta. Mar chuid de shearmanas...","og_url":"https:\/\/www.irishfamine.ie\/ga\/national-famine-commemoration-sligo-2019\/","og_site_name":"Com\u00f3radh N\u00e1isi\u00fanta an Ghorta Mh\u00f3ir","article_publisher":"https:\/\/www.facebook.com\/DepartmentofCultureIRL\/","article_modified_time":"2024-04-08T10:10:19+00:00","og_image":[{"url":"https:\/\/www.irishfamine.ie\/app\/uploads\/2019\/03\/Capture.jpg","type":"","width":"","height":""}],"twitter_card":"summary_large_image","twitter_site":"@DeptCultureIRL","twitter_misc":{"Est. reading time":"3 minutes"},"schema":{"@context":"https:\/\/schema.org","@graph":[{"@type":"WebPage","@id":"https:\/\/www.irishfamine.ie\/ga\/national-famine-commemoration-sligo-2019\/","url":"https:\/\/www.irishfamine.ie\/ga\/national-famine-commemoration-sligo-2019\/","name":"National Famine Commemoration, Sligo 2019 - Com\u00f3radh N\u00e1isi\u00fanta an Ghorta Mh\u00f3ir","isPartOf":{"@id":"https:\/\/www.irishfamine.ie\/ga\/#website"},"primaryImageOfPage":{"@id":"https:\/\/www.irishfamine.ie\/ga\/national-famine-commemoration-sligo-2019\/#primaryimage"},"image":{"@id":"https:\/\/www.irishfamine.ie\/ga\/national-famine-commemoration-sligo-2019\/#primaryimage"},"thumbnailUrl":"https:\/\/www.irishfamine.ie\/app\/uploads\/2019\/03\/Capture.jpg","datePublished":"2022-08-17T11:04:45+00:00","dateModified":"2024-04-08T10:10:19+00:00","breadcrumb":{"@id":"https:\/\/www.irishfamine.ie\/ga\/national-famine-commemoration-sligo-2019\/#breadcrumb"},"inLanguage":"ga-IE","potentialAction":[{"@type":"ReadAction","target":["https:\/\/www.irishfamine.ie\/ga\/national-famine-commemoration-sligo-2019\/"]}]},{"@type":"ImageObject","inLanguage":"ga-IE","@id":"https:\/\/www.irishfamine.ie\/ga\/national-famine-commemoration-sligo-2019\/#primaryimage","url":"https:\/\/www.irishfamine.ie\/app\/uploads\/2019\/03\/Capture.jpg","contentUrl":"https:\/\/www.irishfamine.ie\/app\/uploads\/2019\/03\/Capture.jpg"},{"@type":"BreadcrumbList","@id":"https:\/\/www.irishfamine.ie\/ga\/national-famine-commemoration-sligo-2019\/#breadcrumb","itemListElement":[{"@type":"ListItem","position":1,"name":"Home","item":"https:\/\/www.irishfamine.ie\/ga\/"},{"@type":"ListItem","position":2,"name":"National Famine Commemoration, Sligo 2019"}]},{"@type":"WebSite","@id":"https:\/\/www.irishfamine.ie\/ga\/#website","url":"https:\/\/www.irishfamine.ie\/ga\/","name":"National Famine Commemoration","description":"","publisher":{"@id":"https:\/\/www.irishfamine.ie\/ga\/#organization"},"potentialAction":[{"@type":"SearchAction","target":{"@type":"EntryPoint","urlTemplate":"https:\/\/www.irishfamine.ie\/ga\/?s={search_term_string}"},"query-input":{"@type":"PropertyValueSpecification","valueRequired":true,"valueName":"search_term_string"}}],"inLanguage":"ga-IE"},{"@type":"Organization","@id":"https:\/\/www.irishfamine.ie\/ga\/#organization","name":"Department of Tourism, Culture, Arts, Gaeltacht, Sport & Media","url":"https:\/\/www.irishfamine.ie\/ga\/","logo":{"@type":"ImageObject","inLanguage":"ga-IE","@id":"https:\/\/www.irishfamine.ie\/ga\/#\/schema\/logo\/image\/","url":"https:\/\/www.irishfamine.ie\/app\/uploads\/2021\/05\/dep-of-Tourism-Culture-Arts-Gaeltacht-sport-and-media-_logo.png","contentUrl":"https:\/\/www.irishfamine.ie\/app\/uploads\/2021\/05\/dep-of-Tourism-Culture-Arts-Gaeltacht-sport-and-media-_logo.png","width":300,"height":148,"caption":"Department of Tourism, Culture, Arts, Gaeltacht, Sport & Media"},"image":{"@id":"https:\/\/www.irishfamine.ie\/ga\/#\/schema\/logo\/image\/"},"sameAs":["https:\/\/www.facebook.com\/DepartmentofCultureIRL\/","https:\/\/x.com\/DeptCultureIRL"]}]}},"_links":{"self":[{"href":"https:\/\/www.irishfamine.ie\/ga\/wp-json\/wp\/v2\/pages\/3488","targetHints":{"allow":["GET"]}}],"collection":[{"href":"https:\/\/www.irishfamine.ie\/ga\/wp-json\/wp\/v2\/pages"}],"about":[{"href":"https:\/\/www.irishfamine.ie\/ga\/wp-json\/wp\/v2\/types\/page"}],"author":[{"embeddable":true,"href":"https:\/\/www.irishfamine.ie\/ga\/wp-json\/wp\/v2\/users\/3"}],"replies":[{"embeddable":true,"href":"https:\/\/www.irishfamine.ie\/ga\/wp-json\/wp\/v2\/comments?post=3488"}],"version-history":[{"count":1,"href":"https:\/\/www.irishfamine.ie\/ga\/wp-json\/wp\/v2\/pages\/3488\/revisions"}],"predecessor-version":[{"id":3489,"href":"https:\/\/www.irishfamine.ie\/ga\/wp-json\/wp\/v2\/pages\/3488\/revisions\/3489"}],"wp:attachment":[{"href":"https:\/\/www.irishfamine.ie\/ga\/wp-json\/wp\/v2\/media?parent=3488"}],"curies":[{"name":"wp","href":"https:\/\/api.w.org\/{rel}","templated":true}]}}