{"id":3492,"date":"2022-08-17T16:08:57","date_gmt":"2022-08-17T15:08:57","guid":{"rendered":"https:\/\/www.irishfamine.ie\/strokestown-co-roscommon-2014\/"},"modified":"2024-04-08T11:23:19","modified_gmt":"2024-04-08T10:23:19","slug":"strokestown-co-roscommon-2014","status":"publish","type":"page","link":"https:\/\/www.irishfamine.ie\/ga\/strokestown-co-roscommon-2014\/","title":{"rendered":"Strokestown, Co Roscommon 2014"},"content":{"rendered":"<h6><em>Com\u00f3radh N\u00e1isi\u00fanta an Ghorta Mh\u00f3ir<br \/>11th bealtaine 2014<br \/>mB\u00e9al na mBuill\u00ed,<br \/>Co Ros Com\u00e1in 2014<\/em><\/h6>\n<p>Tharla Com\u00f3radh N\u00e1isi\u00fanta an Ghorta Mh\u00f3ir 2014 ar an 11\u00fa Bealtaine i mB\u00e9al na mBuill\u00ed, Co Ros Com\u00e1in. F\u00e9ach \u00d3r\u00e1id\u00ed agus Preasr\u00e1itis th\u00edos le haghaidh tuilleadh eolais&#8230;<\/p>\n<p>\u00d3r\u00e1id\u00ed:<\/p>\n<ul>\n<li><a href=\"http:\/\/irishfamine.ahg.gov.ie\/wp-content\/uploads\/2015\/09\/Speech-by-An-Taoiseach-Mr.-Enda-Kenny-T.D..pdf\" target=\"_blank\" rel=\"noopener\">\u00d3r\u00e1id \u00f3n Taoiseach, an tUasal Enda Kenny, T.D.<\/a><\/li>\n<li><a href=\"http:\/\/irishfamine.ahg.gov.ie\/wp-content\/uploads\/2015\/09\/Speech-by-Minister-Deenihan.pdf\" target=\"_blank\" rel=\"noopener\">\u00d3r\u00e1id \u00f3n Aire Deenihan<\/a><\/li>\n<\/ul>\n<p>Preaseisi\u00faint\u00ed:<\/p>\n<ul>\n<li><a href=\"http:\/\/irishfamine.ahg.gov.ie\/wp-content\/uploads\/2015\/09\/Minister-announces-site-selection-process-for-2014-National-Famine-Commemoration.pdf\" target=\"_blank\" rel=\"noopener\">Minister announces site selection process for 2014 National Famine Commemoration<\/a><\/li>\n<li><a href=\"http:\/\/irishfamine.ahg.gov.ie\/wp-content\/uploads\/2015\/09\/Minister-Deenihan-announces-location-for-the-2014-National-Famine-Commemoration.pdf\" target=\"_blank\" rel=\"noopener\">Minister Deenihan announces location for the 2014 National Famine Commemoration<\/a><\/li>\n<li><a href=\"http:\/\/irishfamine.ahg.gov.ie\/wp-content\/uploads\/2015\/09\/Minister-Deenihan-announces-National-Famine-Commemoration.pdf\" target=\"_blank\" rel=\"noopener\">Minister Deenihan announces National Famine Commemoration<\/a><\/li>\n<li><a href=\"http:\/\/irishfamine.ahg.gov.ie\/wp-content\/uploads\/2015\/09\/Minister-Deenihan-asks-Sporting-Organisations-to-take-part-in-a-minute%C2%80%C2%99s-silence.pdf\" target=\"_blank\" rel=\"noopener\">Minister Deenihan asks Sporting Organisations to take part in a minutes silence<\/a><\/li>\n<li><a href=\"http:\/\/irishfamine.ahg.gov.ie\/wp-content\/uploads\/2015\/09\/Minister-Deenihan-invites-all-people-of-Irish-heritage-worldwide-to-participate.pdf\" target=\"_blank\" rel=\"noopener\">Minister Deenihan invites all people of Irish heritage worldwide to participate<\/a><\/li>\n<li><a href=\"http:\/\/irishfamine.ahg.gov.ie\/wp-content\/uploads\/2015\/09\/Minister-Deenihan-thanks-schools-across-the-country.pdf\" target=\"_blank\" rel=\"noopener\">Minister Deenihan thanks schools across the country<\/a><\/li>\n<\/ul>\n<style type=\"text\/css\">\n\t\t\t#gallery-1 {\n\t\t\t\tmargin: auto;\n\t\t\t}\n\t\t\t#gallery-1 .gallery-item {\n\t\t\t\tfloat: left;\n\t\t\t\tmargin-top: 10px;\n\t\t\t\ttext-align: center;\n\t\t\t\twidth: 25%;\n\t\t\t}\n\t\t\t#gallery-1 img {\n\t\t\t\tborder: 2px solid #cfcfcf;\n\t\t\t}\n\t\t\t#gallery-1 .gallery-caption {\n\t\t\t\tmargin-left: 0;\n\t\t\t}\n\t\t\t\/* see gallery_shortcode() in wp-includes\/media.php *\/\n\t\t<\/style>\n<dl class=\"gallery-item\">\n<dt class=\"gallery-icon landscape\">\n\t\t\t\t<a data-elementor-open-lightbox=\"yes\" data-elementor-lightbox-slideshow=\"5b8771b\" data-elementor-lightbox-title=\"1024x774_Famine-Commemoration_2014_18\" e-action-hash=\"#elementor-action%3Aaction%3Dlightbox%26settings%3DeyJpZCI6NTMxLCJ1cmwiOiJodHRwczpcL1wvdGVzdC5pcmlzaGZhbWluZS5pZVwvYXBwXC91cGxvYWRzXC8yMDIxXC8wNVwvMTAyNHg3NzRfRmFtaW5lLUNvbW1lbW9yYXRpb25fMjAxNF8xOC5qcGciLCJzbGlkZXNob3ciOiI1Yjg3NzFiIn0%3D\" href=\"https:\/\/www.irishfamine.ie\/app\/uploads\/2021\/05\/1024x774_Famine-Commemoration_2014_18.jpg\"><img decoding=\"async\" width=\"512\" height=\"342\" src=\"https:\/\/www.irishfamine.ie\/app\/uploads\/2021\/05\/1024x774_Famine-Commemoration_2014_18.jpg\" alt=\"\" loading=\"lazy\" srcset=\"https:\/\/www.irishfamine.ie\/app\/uploads\/2021\/05\/1024x774_Famine-Commemoration_2014_18.jpg 512w, https:\/\/www.irishfamine.ie\/app\/uploads\/2021\/05\/1024x774_Famine-Commemoration_2014_18-300x200.jpg 300w\" sizes=\"auto, (max-width: 512px) 100vw, 512px\"><\/a>\n\t\t\t<\/dt>\n<\/dl>\n<dl class=\"gallery-item\">\n<dt class=\"gallery-icon landscape\">\n\t\t\t\t<a data-elementor-open-lightbox=\"yes\" data-elementor-lightbox-slideshow=\"5b8771b\" data-elementor-lightbox-title=\"1024x774_Famine-Commemoration_2014_17\" e-action-hash=\"#elementor-action%3Aaction%3Dlightbox%26settings%3DeyJpZCI6NTMwLCJ1cmwiOiJodHRwczpcL1wvdGVzdC5pcmlzaGZhbWluZS5pZVwvYXBwXC91cGxvYWRzXC8yMDIxXC8wNVwvMTAyNHg3NzRfRmFtaW5lLUNvbW1lbW9yYXRpb25fMjAxNF8xNy5qcGciLCJzbGlkZXNob3ciOiI1Yjg3NzFiIn0%3D\" href=\"https:\/\/www.irishfamine.ie\/app\/uploads\/2021\/05\/1024x774_Famine-Commemoration_2014_17.jpg\"><img decoding=\"async\" width=\"512\" height=\"342\" src=\"https:\/\/www.irishfamine.ie\/app\/uploads\/2021\/05\/1024x774_Famine-Commemoration_2014_17.jpg\" alt=\"\" loading=\"lazy\" srcset=\"https:\/\/www.irishfamine.ie\/app\/uploads\/2021\/05\/1024x774_Famine-Commemoration_2014_17.jpg 512w, https:\/\/www.irishfamine.ie\/app\/uploads\/2021\/05\/1024x774_Famine-Commemoration_2014_17-300x200.jpg 300w\" sizes=\"auto, (max-width: 512px) 100vw, 512px\"><\/a>\n\t\t\t<\/dt>\n<\/dl>\n<dl class=\"gallery-item\">\n<dt class=\"gallery-icon landscape\">\n\t\t\t\t<a data-elementor-open-lightbox=\"yes\" data-elementor-lightbox-slideshow=\"5b8771b\" data-elementor-lightbox-title=\"1024x774_Famine-Commemoration_2014_16\" e-action-hash=\"#elementor-action%3Aaction%3Dlightbox%26settings%3DeyJpZCI6NTI5LCJ1cmwiOiJodHRwczpcL1wvdGVzdC5pcmlzaGZhbWluZS5pZVwvYXBwXC91cGxvYWRzXC8yMDIxXC8wNVwvMTAyNHg3NzRfRmFtaW5lLUNvbW1lbW9yYXRpb25fMjAxNF8xNi5qcGciLCJzbGlkZXNob3ciOiI1Yjg3NzFiIn0%3D\" href=\"https:\/\/www.irishfamine.ie\/app\/uploads\/2021\/05\/1024x774_Famine-Commemoration_2014_16.jpg\"><img decoding=\"async\" width=\"512\" height=\"342\" src=\"https:\/\/www.irishfamine.ie\/app\/uploads\/2021\/05\/1024x774_Famine-Commemoration_2014_16.jpg\" alt=\"\" loading=\"lazy\" srcset=\"https:\/\/www.irishfamine.ie\/app\/uploads\/2021\/05\/1024x774_Famine-Commemoration_2014_16.jpg 512w, https:\/\/www.irishfamine.ie\/app\/uploads\/2021\/05\/1024x774_Famine-Commemoration_2014_16-300x200.jpg 300w\" sizes=\"auto, (max-width: 512px) 100vw, 512px\"><\/a>\n\t\t\t<\/dt>\n<\/dl>\n<dl class=\"gallery-item\">\n<dt class=\"gallery-icon landscape\">\n\t\t\t\t<a data-elementor-open-lightbox=\"yes\" data-elementor-lightbox-slideshow=\"5b8771b\" data-elementor-lightbox-title=\"1024x774_Famine-Commemoration_2014_15\" e-action-hash=\"#elementor-action%3Aaction%3Dlightbox%26settings%3DeyJpZCI6NTI4LCJ1cmwiOiJodHRwczpcL1wvdGVzdC5pcmlzaGZhbWluZS5pZVwvYXBwXC91cGxvYWRzXC8yMDIxXC8wNVwvMTAyNHg3NzRfRmFtaW5lLUNvbW1lbW9yYXRpb25fMjAxNF8xNS5qcGciLCJzbGlkZXNob3ciOiI1Yjg3NzFiIn0%3D\" href=\"https:\/\/www.irishfamine.ie\/app\/uploads\/2021\/05\/1024x774_Famine-Commemoration_2014_15.jpg\"><img decoding=\"async\" width=\"512\" height=\"342\" src=\"https:\/\/www.irishfamine.ie\/app\/uploads\/2021\/05\/1024x774_Famine-Commemoration_2014_15.jpg\" alt=\"\" loading=\"lazy\" srcset=\"https:\/\/www.irishfamine.ie\/app\/uploads\/2021\/05\/1024x774_Famine-Commemoration_2014_15.jpg 512w, https:\/\/www.irishfamine.ie\/app\/uploads\/2021\/05\/1024x774_Famine-Commemoration_2014_15-300x200.jpg 300w\" sizes=\"auto, (max-width: 512px) 100vw, 512px\"><\/a>\n\t\t\t<\/dt>\n<\/dl>\n<p><br style=\"clear: both\"><\/p>\n<dl class=\"gallery-item\">\n<dt class=\"gallery-icon landscape\">\n\t\t\t\t<a data-elementor-open-lightbox=\"yes\" data-elementor-lightbox-slideshow=\"5b8771b\" data-elementor-lightbox-title=\"1024x774_Famine-Commemoration_2014_14\" e-action-hash=\"#elementor-action%3Aaction%3Dlightbox%26settings%3DeyJpZCI6NTI3LCJ1cmwiOiJodHRwczpcL1wvdGVzdC5pcmlzaGZhbWluZS5pZVwvYXBwXC91cGxvYWRzXC8yMDIxXC8wNVwvMTAyNHg3NzRfRmFtaW5lLUNvbW1lbW9yYXRpb25fMjAxNF8xNC5qcGciLCJzbGlkZXNob3ciOiI1Yjg3NzFiIn0%3D\" href=\"https:\/\/www.irishfamine.ie\/app\/uploads\/2021\/05\/1024x774_Famine-Commemoration_2014_14.jpg\"><img decoding=\"async\" width=\"512\" height=\"342\" src=\"https:\/\/www.irishfamine.ie\/app\/uploads\/2021\/05\/1024x774_Famine-Commemoration_2014_14.jpg\" alt=\"\" loading=\"lazy\" srcset=\"https:\/\/www.irishfamine.ie\/app\/uploads\/2021\/05\/1024x774_Famine-Commemoration_2014_14.jpg 512w, https:\/\/www.irishfamine.ie\/app\/uploads\/2021\/05\/1024x774_Famine-Commemoration_2014_14-300x200.jpg 300w\" sizes=\"auto, (max-width: 512px) 100vw, 512px\"><\/a>\n\t\t\t<\/dt>\n<\/dl>\n<dl class=\"gallery-item\">\n<dt class=\"gallery-icon landscape\">\n\t\t\t\t<a data-elementor-open-lightbox=\"yes\" data-elementor-lightbox-slideshow=\"5b8771b\" data-elementor-lightbox-title=\"1024x774_Famine-Commemoration_2014_13\" e-action-hash=\"#elementor-action%3Aaction%3Dlightbox%26settings%3DeyJpZCI6NTI2LCJ1cmwiOiJodHRwczpcL1wvdGVzdC5pcmlzaGZhbWluZS5pZVwvYXBwXC91cGxvYWRzXC8yMDIxXC8wNVwvMTAyNHg3NzRfRmFtaW5lLUNvbW1lbW9yYXRpb25fMjAxNF8xMy5qcGciLCJzbGlkZXNob3ciOiI1Yjg3NzFiIn0%3D\" href=\"https:\/\/www.irishfamine.ie\/app\/uploads\/2021\/05\/1024x774_Famine-Commemoration_2014_13.jpg\"><img decoding=\"async\" width=\"512\" height=\"342\" src=\"https:\/\/www.irishfamine.ie\/app\/uploads\/2021\/05\/1024x774_Famine-Commemoration_2014_13.jpg\" alt=\"\" loading=\"lazy\" srcset=\"https:\/\/www.irishfamine.ie\/app\/uploads\/2021\/05\/1024x774_Famine-Commemoration_2014_13.jpg 512w, https:\/\/www.irishfamine.ie\/app\/uploads\/2021\/05\/1024x774_Famine-Commemoration_2014_13-300x200.jpg 300w\" sizes=\"auto, (max-width: 512px) 100vw, 512px\"><\/a>\n\t\t\t<\/dt>\n<\/dl>\n<dl class=\"gallery-item\">\n<dt class=\"gallery-icon landscape\">\n\t\t\t\t<a data-elementor-open-lightbox=\"yes\" data-elementor-lightbox-slideshow=\"5b8771b\" data-elementor-lightbox-title=\"1024x774_Famine-Commemoration_2014_12\" e-action-hash=\"#elementor-action%3Aaction%3Dlightbox%26settings%3DeyJpZCI6NTI1LCJ1cmwiOiJodHRwczpcL1wvdGVzdC5pcmlzaGZhbWluZS5pZVwvYXBwXC91cGxvYWRzXC8yMDIxXC8wNVwvMTAyNHg3NzRfRmFtaW5lLUNvbW1lbW9yYXRpb25fMjAxNF8xMi5qcGciLCJzbGlkZXNob3ciOiI1Yjg3NzFiIn0%3D\" href=\"https:\/\/www.irishfamine.ie\/app\/uploads\/2021\/05\/1024x774_Famine-Commemoration_2014_12.jpg\"><img decoding=\"async\" width=\"512\" height=\"342\" src=\"https:\/\/www.irishfamine.ie\/app\/uploads\/2021\/05\/1024x774_Famine-Commemoration_2014_12.jpg\" alt=\"\" loading=\"lazy\" srcset=\"https:\/\/www.irishfamine.ie\/app\/uploads\/2021\/05\/1024x774_Famine-Commemoration_2014_12.jpg 512w, https:\/\/www.irishfamine.ie\/app\/uploads\/2021\/05\/1024x774_Famine-Commemoration_2014_12-300x200.jpg 300w\" sizes=\"auto, (max-width: 512px) 100vw, 512px\"><\/a>\n\t\t\t<\/dt>\n<\/dl>\n<dl class=\"gallery-item\">\n<dt class=\"gallery-icon landscape\">\n\t\t\t\t<a data-elementor-open-lightbox=\"yes\" data-elementor-lightbox-slideshow=\"5b8771b\" data-elementor-lightbox-title=\"1024x774_Famine-Commemoration_2014_9\" e-action-hash=\"#elementor-action%3Aaction%3Dlightbox%26settings%3DeyJpZCI6NTIyLCJ1cmwiOiJodHRwczpcL1wvdGVzdC5pcmlzaGZhbWluZS5pZVwvYXBwXC91cGxvYWRzXC8yMDIxXC8wNVwvMTAyNHg3NzRfRmFtaW5lLUNvbW1lbW9yYXRpb25fMjAxNF85LmpwZyIsInNsaWRlc2hvdyI6IjViODc3MWIifQ%3D%3D\" href=\"https:\/\/www.irishfamine.ie\/app\/uploads\/2021\/05\/1024x774_Famine-Commemoration_2014_9.jpg\"><img decoding=\"async\" width=\"512\" height=\"342\" src=\"https:\/\/www.irishfamine.ie\/app\/uploads\/2021\/05\/1024x774_Famine-Commemoration_2014_9.jpg\" alt=\"\" loading=\"lazy\" srcset=\"https:\/\/www.irishfamine.ie\/app\/uploads\/2021\/05\/1024x774_Famine-Commemoration_2014_9.jpg 512w, https:\/\/www.irishfamine.ie\/app\/uploads\/2021\/05\/1024x774_Famine-Commemoration_2014_9-300x200.jpg 300w\" sizes=\"auto, (max-width: 512px) 100vw, 512px\"><\/a>\n\t\t\t<\/dt>\n<\/dl>\n<p><br style=\"clear: both\"><\/p>\n<dl class=\"gallery-item\">\n<dt class=\"gallery-icon landscape\">\n\t\t\t\t<a data-elementor-open-lightbox=\"yes\" data-elementor-lightbox-slideshow=\"5b8771b\" data-elementor-lightbox-title=\"1024x774_Famine-Commemoration_2014_10\" e-action-hash=\"#elementor-action%3Aaction%3Dlightbox%26settings%3DeyJpZCI6NTIzLCJ1cmwiOiJodHRwczpcL1wvdGVzdC5pcmlzaGZhbWluZS5pZVwvYXBwXC91cGxvYWRzXC8yMDIxXC8wNVwvMTAyNHg3NzRfRmFtaW5lLUNvbW1lbW9yYXRpb25fMjAxNF8xMC5qcGciLCJzbGlkZXNob3ciOiI1Yjg3NzFiIn0%3D\" href=\"https:\/\/www.irishfamine.ie\/app\/uploads\/2021\/05\/1024x774_Famine-Commemoration_2014_10.jpg\"><img decoding=\"async\" width=\"512\" height=\"342\" src=\"https:\/\/www.irishfamine.ie\/app\/uploads\/2021\/05\/1024x774_Famine-Commemoration_2014_10.jpg\" alt=\"\" loading=\"lazy\" srcset=\"https:\/\/www.irishfamine.ie\/app\/uploads\/2021\/05\/1024x774_Famine-Commemoration_2014_10.jpg 512w, https:\/\/www.irishfamine.ie\/app\/uploads\/2021\/05\/1024x774_Famine-Commemoration_2014_10-300x200.jpg 300w\" sizes=\"auto, (max-width: 512px) 100vw, 512px\"><\/a>\n\t\t\t<\/dt>\n<\/dl>\n<dl class=\"gallery-item\">\n<dt class=\"gallery-icon landscape\">\n\t\t\t\t<a data-elementor-open-lightbox=\"yes\" data-elementor-lightbox-slideshow=\"5b8771b\" data-elementor-lightbox-title=\"1024x774_Famine-Commemoration_2014_11\" e-action-hash=\"#elementor-action%3Aaction%3Dlightbox%26settings%3DeyJpZCI6NTI0LCJ1cmwiOiJodHRwczpcL1wvdGVzdC5pcmlzaGZhbWluZS5pZVwvYXBwXC91cGxvYWRzXC8yMDIxXC8wNVwvMTAyNHg3NzRfRmFtaW5lLUNvbW1lbW9yYXRpb25fMjAxNF8xMS5qcGciLCJzbGlkZXNob3ciOiI1Yjg3NzFiIn0%3D\" href=\"https:\/\/www.irishfamine.ie\/app\/uploads\/2021\/05\/1024x774_Famine-Commemoration_2014_11.jpg\"><img decoding=\"async\" width=\"512\" height=\"342\" src=\"https:\/\/www.irishfamine.ie\/app\/uploads\/2021\/05\/1024x774_Famine-Commemoration_2014_11.jpg\" alt=\"\" loading=\"lazy\" srcset=\"https:\/\/www.irishfamine.ie\/app\/uploads\/2021\/05\/1024x774_Famine-Commemoration_2014_11.jpg 512w, https:\/\/www.irishfamine.ie\/app\/uploads\/2021\/05\/1024x774_Famine-Commemoration_2014_11-300x200.jpg 300w\" sizes=\"auto, (max-width: 512px) 100vw, 512px\"><\/a>\n\t\t\t<\/dt>\n<\/dl>\n<dl class=\"gallery-item\">\n<dt class=\"gallery-icon landscape\">\n\t\t\t\t<a data-elementor-open-lightbox=\"yes\" data-elementor-lightbox-slideshow=\"5b8771b\" data-elementor-lightbox-title=\"1024x774_Famine-Commemoration_2014_8\" e-action-hash=\"#elementor-action%3Aaction%3Dlightbox%26settings%3DeyJpZCI6NTIxLCJ1cmwiOiJodHRwczpcL1wvdGVzdC5pcmlzaGZhbWluZS5pZVwvYXBwXC91cGxvYWRzXC8yMDIxXC8wNVwvMTAyNHg3NzRfRmFtaW5lLUNvbW1lbW9yYXRpb25fMjAxNF84LmpwZyIsInNsaWRlc2hvdyI6IjViODc3MWIifQ%3D%3D\" href=\"https:\/\/www.irishfamine.ie\/app\/uploads\/2021\/05\/1024x774_Famine-Commemoration_2014_8.jpg\"><img decoding=\"async\" width=\"512\" height=\"342\" src=\"https:\/\/www.irishfamine.ie\/app\/uploads\/2021\/05\/1024x774_Famine-Commemoration_2014_8.jpg\" alt=\"\" loading=\"lazy\" srcset=\"https:\/\/www.irishfamine.ie\/app\/uploads\/2021\/05\/1024x774_Famine-Commemoration_2014_8.jpg 512w, https:\/\/www.irishfamine.ie\/app\/uploads\/2021\/05\/1024x774_Famine-Commemoration_2014_8-300x200.jpg 300w\" sizes=\"auto, (max-width: 512px) 100vw, 512px\"><\/a>\n\t\t\t<\/dt>\n<\/dl>\n<dl class=\"gallery-item\">\n<dt class=\"gallery-icon landscape\">\n\t\t\t\t<a data-elementor-open-lightbox=\"yes\" data-elementor-lightbox-slideshow=\"5b8771b\" data-elementor-lightbox-title=\"1024x774_Famine-Commemoration_2014_6\" e-action-hash=\"#elementor-action%3Aaction%3Dlightbox%26settings%3DeyJpZCI6NTE5LCJ1cmwiOiJodHRwczpcL1wvdGVzdC5pcmlzaGZhbWluZS5pZVwvYXBwXC91cGxvYWRzXC8yMDIxXC8wNVwvMTAyNHg3NzRfRmFtaW5lLUNvbW1lbW9yYXRpb25fMjAxNF82LmpwZyIsInNsaWRlc2hvdyI6IjViODc3MWIifQ%3D%3D\" href=\"https:\/\/www.irishfamine.ie\/app\/uploads\/2021\/05\/1024x774_Famine-Commemoration_2014_6.jpg\"><img decoding=\"async\" width=\"512\" height=\"342\" src=\"https:\/\/www.irishfamine.ie\/app\/uploads\/2021\/05\/1024x774_Famine-Commemoration_2014_6.jpg\" alt=\"\" loading=\"lazy\" srcset=\"https:\/\/www.irishfamine.ie\/app\/uploads\/2021\/05\/1024x774_Famine-Commemoration_2014_6.jpg 512w, https:\/\/www.irishfamine.ie\/app\/uploads\/2021\/05\/1024x774_Famine-Commemoration_2014_6-300x200.jpg 300w\" sizes=\"auto, (max-width: 512px) 100vw, 512px\"><\/a>\n\t\t\t<\/dt>\n<\/dl>\n<p><br style=\"clear: both\"><\/p>\n<dl class=\"gallery-item\">\n<dt class=\"gallery-icon landscape\">\n\t\t\t\t<a data-elementor-open-lightbox=\"yes\" data-elementor-lightbox-slideshow=\"5b8771b\" data-elementor-lightbox-title=\"1024x774_Famine-Commemoration_2014_7\" e-action-hash=\"#elementor-action%3Aaction%3Dlightbox%26settings%3DeyJpZCI6NTIwLCJ1cmwiOiJodHRwczpcL1wvdGVzdC5pcmlzaGZhbWluZS5pZVwvYXBwXC91cGxvYWRzXC8yMDIxXC8wNVwvMTAyNHg3NzRfRmFtaW5lLUNvbW1lbW9yYXRpb25fMjAxNF83LmpwZyIsInNsaWRlc2hvdyI6IjViODc3MWIifQ%3D%3D\" href=\"https:\/\/www.irishfamine.ie\/app\/uploads\/2021\/05\/1024x774_Famine-Commemoration_2014_7.jpg\"><img decoding=\"async\" width=\"512\" height=\"342\" src=\"https:\/\/www.irishfamine.ie\/app\/uploads\/2021\/05\/1024x774_Famine-Commemoration_2014_7.jpg\" alt=\"\" loading=\"lazy\" srcset=\"https:\/\/www.irishfamine.ie\/app\/uploads\/2021\/05\/1024x774_Famine-Commemoration_2014_7.jpg 512w, https:\/\/www.irishfamine.ie\/app\/uploads\/2021\/05\/1024x774_Famine-Commemoration_2014_7-300x200.jpg 300w\" sizes=\"auto, (max-width: 512px) 100vw, 512px\"><\/a>\n\t\t\t<\/dt>\n<\/dl>\n<dl class=\"gallery-item\">\n<dt class=\"gallery-icon landscape\">\n\t\t\t\t<a data-elementor-open-lightbox=\"yes\" data-elementor-lightbox-slideshow=\"5b8771b\" data-elementor-lightbox-title=\"1024x774_Famine-Commemoration_2014_3\" e-action-hash=\"#elementor-action%3Aaction%3Dlightbox%26settings%3DeyJpZCI6NTE3LCJ1cmwiOiJodHRwczpcL1wvdGVzdC5pcmlzaGZhbWluZS5pZVwvYXBwXC91cGxvYWRzXC8yMDIxXC8wNVwvMTAyNHg3NzRfRmFtaW5lLUNvbW1lbW9yYXRpb25fMjAxNF8zLmpwZyIsInNsaWRlc2hvdyI6IjViODc3MWIifQ%3D%3D\" href=\"https:\/\/www.irishfamine.ie\/app\/uploads\/2021\/05\/1024x774_Famine-Commemoration_2014_3.jpg\"><img decoding=\"async\" width=\"512\" height=\"342\" src=\"https:\/\/www.irishfamine.ie\/app\/uploads\/2021\/05\/1024x774_Famine-Commemoration_2014_3.jpg\" alt=\"\" loading=\"lazy\" srcset=\"https:\/\/www.irishfamine.ie\/app\/uploads\/2021\/05\/1024x774_Famine-Commemoration_2014_3.jpg 512w, https:\/\/www.irishfamine.ie\/app\/uploads\/2021\/05\/1024x774_Famine-Commemoration_2014_3-300x200.jpg 300w\" sizes=\"auto, (max-width: 512px) 100vw, 512px\"><\/a>\n\t\t\t<\/dt>\n<\/dl>\n<dl class=\"gallery-item\">\n<dt class=\"gallery-icon landscape\">\n\t\t\t\t<a data-elementor-open-lightbox=\"yes\" data-elementor-lightbox-slideshow=\"5b8771b\" data-elementor-lightbox-title=\"1024x774_Famine-Commemoration_2014_5\" e-action-hash=\"#elementor-action%3Aaction%3Dlightbox%26settings%3DeyJpZCI6NTE4LCJ1cmwiOiJodHRwczpcL1wvdGVzdC5pcmlzaGZhbWluZS5pZVwvYXBwXC91cGxvYWRzXC8yMDIxXC8wNVwvMTAyNHg3NzRfRmFtaW5lLUNvbW1lbW9yYXRpb25fMjAxNF81LmpwZyIsInNsaWRlc2hvdyI6IjViODc3MWIifQ%3D%3D\" href=\"https:\/\/www.irishfamine.ie\/app\/uploads\/2021\/05\/1024x774_Famine-Commemoration_2014_5.jpg\"><img decoding=\"async\" width=\"512\" height=\"342\" src=\"https:\/\/www.irishfamine.ie\/app\/uploads\/2021\/05\/1024x774_Famine-Commemoration_2014_5.jpg\" alt=\"\" loading=\"lazy\" srcset=\"https:\/\/www.irishfamine.ie\/app\/uploads\/2021\/05\/1024x774_Famine-Commemoration_2014_5.jpg 512w, https:\/\/www.irishfamine.ie\/app\/uploads\/2021\/05\/1024x774_Famine-Commemoration_2014_5-300x200.jpg 300w\" sizes=\"auto, (max-width: 512px) 100vw, 512px\"><\/a>\n\t\t\t<\/dt>\n<\/dl>\n<dl class=\"gallery-item\">\n<dt class=\"gallery-icon portrait\">\n\t\t\t\t<a data-elementor-open-lightbox=\"yes\" data-elementor-lightbox-slideshow=\"5b8771b\" data-elementor-lightbox-title=\"1024x774_Famine-Commemoration_2014_19\" e-action-hash=\"#elementor-action%3Aaction%3Dlightbox%26settings%3DeyJpZCI6NTMyLCJ1cmwiOiJodHRwczpcL1wvdGVzdC5pcmlzaGZhbWluZS5pZVwvYXBwXC91cGxvYWRzXC8yMDIxXC8wNVwvMTAyNHg3NzRfRmFtaW5lLUNvbW1lbW9yYXRpb25fMjAxNF8xOS5qcGciLCJzbGlkZXNob3ciOiI1Yjg3NzFiIn0%3D\" href=\"https:\/\/www.irishfamine.ie\/app\/uploads\/2021\/05\/1024x774_Famine-Commemoration_2014_19.jpg\"><img decoding=\"async\" width=\"512\" height=\"768\" src=\"https:\/\/www.irishfamine.ie\/app\/uploads\/2021\/05\/1024x774_Famine-Commemoration_2014_19.jpg\" alt=\"\" loading=\"lazy\" srcset=\"https:\/\/www.irishfamine.ie\/app\/uploads\/2021\/05\/1024x774_Famine-Commemoration_2014_19.jpg 512w, https:\/\/www.irishfamine.ie\/app\/uploads\/2021\/05\/1024x774_Famine-Commemoration_2014_19-200x300.jpg 200w\" sizes=\"auto, (max-width: 512px) 100vw, 512px\"><\/a>\n\t\t\t<\/dt>\n<\/dl>\n<p><br style=\"clear: both\"><\/p>\n","protected":false},"excerpt":{"rendered":"<p>Com\u00f3radh N\u00e1isi\u00fanta an Ghorta Mh\u00f3ir11th bealtaine 2014mB\u00e9al na mBuill\u00ed,Co Ros Com\u00e1in 2014 Tharla Com\u00f3radh N\u00e1isi\u00fanta an Ghorta Mh\u00f3ir 2014 ar an 11\u00fa Bealtaine i mB\u00e9al na mBuill\u00ed, Co Ros Com\u00e1in. F\u00e9ach \u00d3r\u00e1id\u00ed agus Preasr\u00e1itis th\u00edos le haghaidh tuilleadh eolais&#8230; \u00d3r\u00e1id\u00ed: \u00d3r\u00e1id \u00f3n Taoiseach, an tUasal Enda Kenny, T.D. \u00d3r\u00e1id \u00f3n Aire Deenihan Preaseisi\u00faint\u00ed: Minister announces&#8230; <\/p>\n","protected":false},"author":3,"featured_media":0,"parent":0,"menu_order":0,"comment_status":"closed","ping_status":"closed","template":"full-width.php","meta":{"footnotes":""},"class_list":["post-3492","page","type-page","status-publish","hentry"],"yoast_head":"<!-- This site is optimized with the Yoast SEO plugin v27.2 - https:\/\/yoast.com\/product\/yoast-seo-wordpress\/ -->\n<title>Strokestown, Co Roscommon 2014 - Com\u00f3radh N\u00e1isi\u00fanta an Ghorta Mh\u00f3ir<\/title>\n<meta name=\"robots\" content=\"index, follow, max-snippet:-1, max-image-preview:large, max-video-preview:-1\" \/>\n<link rel=\"canonical\" href=\"https:\/\/www.irishfamine.ie\/commemorating-the-famine\/state-commemoration\/strokestown-co-roscommon2014\/\" \/>\n<meta property=\"og:locale\" content=\"ga_IE\" \/>\n<meta property=\"og:type\" content=\"article\" \/>\n<meta property=\"og:title\" content=\"Strokestown, Co Roscommon 2014 - Com\u00f3radh N\u00e1isi\u00fanta an Ghorta Mh\u00f3ir\" \/>\n<meta property=\"og:description\" content=\"Com\u00f3radh N\u00e1isi\u00fanta an Ghorta Mh\u00f3ir11th bealtaine 2014mB\u00e9al na mBuill\u00ed,Co Ros Com\u00e1in 2014 Tharla Com\u00f3radh N\u00e1isi\u00fanta an Ghorta Mh\u00f3ir 2014 ar an 11\u00fa Bealtaine i mB\u00e9al na mBuill\u00ed, Co Ros Com\u00e1in. F\u00e9ach \u00d3r\u00e1id\u00ed agus Preasr\u00e1itis th\u00edos le haghaidh tuilleadh eolais&#8230; \u00d3r\u00e1id\u00ed: \u00d3r\u00e1id \u00f3n Taoiseach, an tUasal Enda Kenny, T.D. \u00d3r\u00e1id \u00f3n Aire Deenihan Preaseisi\u00faint\u00ed: Minister announces...\" \/>\n<meta property=\"og:url\" content=\"https:\/\/www.irishfamine.ie\/commemorating-the-famine\/state-commemoration\/strokestown-co-roscommon2014\/\" \/>\n<meta property=\"og:site_name\" content=\"Com\u00f3radh N\u00e1isi\u00fanta an Ghorta Mh\u00f3ir\" \/>\n<meta property=\"article:publisher\" content=\"https:\/\/www.facebook.com\/DepartmentofCultureIRL\/\" \/>\n<meta property=\"article:modified_time\" content=\"2024-04-08T10:23:19+00:00\" \/>\n<meta property=\"og:image\" content=\"https:\/\/www.irishfamine.ie\/app\/uploads\/2021\/05\/1024x774_Famine-Commemoration_2014_18.jpg\" \/>\n<meta name=\"twitter:card\" content=\"summary_large_image\" \/>\n<meta name=\"twitter:site\" content=\"@DeptCultureIRL\" \/>\n<meta name=\"twitter:label1\" content=\"Est. reading time\" \/>\n\t<meta name=\"twitter:data1\" content=\"1 minute\" \/>\n<script type=\"application\/ld+json\" class=\"yoast-schema-graph\">{\"@context\":\"https:\/\/schema.org\",\"@graph\":[{\"@type\":\"WebPage\",\"@id\":\"https:\/\/www.irishfamine.ie\/commemorating-the-famine\/state-commemoration\/strokestown-co-roscommon2014\/\",\"url\":\"https:\/\/www.irishfamine.ie\/commemorating-the-famine\/state-commemoration\/strokestown-co-roscommon2014\/\",\"name\":\"Strokestown, Co Roscommon 2014 - Com\u00f3radh N\u00e1isi\u00fanta an Ghorta Mh\u00f3ir\",\"isPartOf\":{\"@id\":\"https:\/\/www.irishfamine.ie\/ga\/#website\"},\"primaryImageOfPage\":{\"@id\":\"https:\/\/www.irishfamine.ie\/commemorating-the-famine\/state-commemoration\/strokestown-co-roscommon2014\/#primaryimage\"},\"image\":{\"@id\":\"https:\/\/www.irishfamine.ie\/commemorating-the-famine\/state-commemoration\/strokestown-co-roscommon2014\/#primaryimage\"},\"thumbnailUrl\":\"https:\/\/www.irishfamine.ie\/app\/uploads\/2021\/05\/1024x774_Famine-Commemoration_2014_18.jpg\",\"datePublished\":\"2022-08-17T15:08:57+00:00\",\"dateModified\":\"2024-04-08T10:23:19+00:00\",\"breadcrumb\":{\"@id\":\"https:\/\/www.irishfamine.ie\/commemorating-the-famine\/state-commemoration\/strokestown-co-roscommon2014\/#breadcrumb\"},\"inLanguage\":\"ga-IE\",\"potentialAction\":[{\"@type\":\"ReadAction\",\"target\":[\"https:\/\/www.irishfamine.ie\/commemorating-the-famine\/state-commemoration\/strokestown-co-roscommon2014\/\"]}]},{\"@type\":\"ImageObject\",\"inLanguage\":\"ga-IE\",\"@id\":\"https:\/\/www.irishfamine.ie\/commemorating-the-famine\/state-commemoration\/strokestown-co-roscommon2014\/#primaryimage\",\"url\":\"https:\/\/www.irishfamine.ie\/app\/uploads\/2021\/05\/1024x774_Famine-Commemoration_2014_18.jpg\",\"contentUrl\":\"https:\/\/www.irishfamine.ie\/app\/uploads\/2021\/05\/1024x774_Famine-Commemoration_2014_18.jpg\"},{\"@type\":\"BreadcrumbList\",\"@id\":\"https:\/\/www.irishfamine.ie\/commemorating-the-famine\/state-commemoration\/strokestown-co-roscommon2014\/#breadcrumb\",\"itemListElement\":[{\"@type\":\"ListItem\",\"position\":1,\"name\":\"Home\",\"item\":\"https:\/\/www.irishfamine.ie\/ga\/\"},{\"@type\":\"ListItem\",\"position\":2,\"name\":\"Strokestown, Co Roscommon 2014\"}]},{\"@type\":\"WebSite\",\"@id\":\"https:\/\/www.irishfamine.ie\/ga\/#website\",\"url\":\"https:\/\/www.irishfamine.ie\/ga\/\",\"name\":\"National Famine Commemoration\",\"description\":\"\",\"publisher\":{\"@id\":\"https:\/\/www.irishfamine.ie\/ga\/#organization\"},\"potentialAction\":[{\"@type\":\"SearchAction\",\"target\":{\"@type\":\"EntryPoint\",\"urlTemplate\":\"https:\/\/www.irishfamine.ie\/ga\/?s={search_term_string}\"},\"query-input\":{\"@type\":\"PropertyValueSpecification\",\"valueRequired\":true,\"valueName\":\"search_term_string\"}}],\"inLanguage\":\"ga-IE\"},{\"@type\":\"Organization\",\"@id\":\"https:\/\/www.irishfamine.ie\/ga\/#organization\",\"name\":\"Department of Tourism, Culture, Arts, Gaeltacht, Sport & Media\",\"url\":\"https:\/\/www.irishfamine.ie\/ga\/\",\"logo\":{\"@type\":\"ImageObject\",\"inLanguage\":\"ga-IE\",\"@id\":\"https:\/\/www.irishfamine.ie\/ga\/#\/schema\/logo\/image\/\",\"url\":\"https:\/\/www.irishfamine.ie\/app\/uploads\/2021\/05\/dep-of-Tourism-Culture-Arts-Gaeltacht-sport-and-media-_logo.png\",\"contentUrl\":\"https:\/\/www.irishfamine.ie\/app\/uploads\/2021\/05\/dep-of-Tourism-Culture-Arts-Gaeltacht-sport-and-media-_logo.png\",\"width\":300,\"height\":148,\"caption\":\"Department of Tourism, Culture, Arts, Gaeltacht, Sport & Media\"},\"image\":{\"@id\":\"https:\/\/www.irishfamine.ie\/ga\/#\/schema\/logo\/image\/\"},\"sameAs\":[\"https:\/\/www.facebook.com\/DepartmentofCultureIRL\/\",\"https:\/\/x.com\/DeptCultureIRL\"]}]}<\/script>\n<!-- \/ Yoast SEO plugin. -->","yoast_head_json":{"title":"Strokestown, Co Roscommon 2014 - Com\u00f3radh N\u00e1isi\u00fanta an Ghorta Mh\u00f3ir","robots":{"index":"index","follow":"follow","max-snippet":"max-snippet:-1","max-image-preview":"max-image-preview:large","max-video-preview":"max-video-preview:-1"},"canonical":"https:\/\/www.irishfamine.ie\/commemorating-the-famine\/state-commemoration\/strokestown-co-roscommon2014\/","og_locale":"ga_IE","og_type":"article","og_title":"Strokestown, Co Roscommon 2014 - Com\u00f3radh N\u00e1isi\u00fanta an Ghorta Mh\u00f3ir","og_description":"Com\u00f3radh N\u00e1isi\u00fanta an Ghorta Mh\u00f3ir11th bealtaine 2014mB\u00e9al na mBuill\u00ed,Co Ros Com\u00e1in 2014 Tharla Com\u00f3radh N\u00e1isi\u00fanta an Ghorta Mh\u00f3ir 2014 ar an 11\u00fa Bealtaine i mB\u00e9al na mBuill\u00ed, Co Ros Com\u00e1in. F\u00e9ach \u00d3r\u00e1id\u00ed agus Preasr\u00e1itis th\u00edos le haghaidh tuilleadh eolais&#8230; \u00d3r\u00e1id\u00ed: \u00d3r\u00e1id \u00f3n Taoiseach, an tUasal Enda Kenny, T.D. \u00d3r\u00e1id \u00f3n Aire Deenihan Preaseisi\u00faint\u00ed: Minister announces...","og_url":"https:\/\/www.irishfamine.ie\/commemorating-the-famine\/state-commemoration\/strokestown-co-roscommon2014\/","og_site_name":"Com\u00f3radh N\u00e1isi\u00fanta an Ghorta Mh\u00f3ir","article_publisher":"https:\/\/www.facebook.com\/DepartmentofCultureIRL\/","article_modified_time":"2024-04-08T10:23:19+00:00","og_image":[{"url":"https:\/\/www.irishfamine.ie\/app\/uploads\/2021\/05\/1024x774_Famine-Commemoration_2014_18.jpg","type":"","width":"","height":""}],"twitter_card":"summary_large_image","twitter_site":"@DeptCultureIRL","twitter_misc":{"Est. reading time":"1 minute"},"schema":{"@context":"https:\/\/schema.org","@graph":[{"@type":"WebPage","@id":"https:\/\/www.irishfamine.ie\/commemorating-the-famine\/state-commemoration\/strokestown-co-roscommon2014\/","url":"https:\/\/www.irishfamine.ie\/commemorating-the-famine\/state-commemoration\/strokestown-co-roscommon2014\/","name":"Strokestown, Co Roscommon 2014 - Com\u00f3radh N\u00e1isi\u00fanta an Ghorta Mh\u00f3ir","isPartOf":{"@id":"https:\/\/www.irishfamine.ie\/ga\/#website"},"primaryImageOfPage":{"@id":"https:\/\/www.irishfamine.ie\/commemorating-the-famine\/state-commemoration\/strokestown-co-roscommon2014\/#primaryimage"},"image":{"@id":"https:\/\/www.irishfamine.ie\/commemorating-the-famine\/state-commemoration\/strokestown-co-roscommon2014\/#primaryimage"},"thumbnailUrl":"https:\/\/www.irishfamine.ie\/app\/uploads\/2021\/05\/1024x774_Famine-Commemoration_2014_18.jpg","datePublished":"2022-08-17T15:08:57+00:00","dateModified":"2024-04-08T10:23:19+00:00","breadcrumb":{"@id":"https:\/\/www.irishfamine.ie\/commemorating-the-famine\/state-commemoration\/strokestown-co-roscommon2014\/#breadcrumb"},"inLanguage":"ga-IE","potentialAction":[{"@type":"ReadAction","target":["https:\/\/www.irishfamine.ie\/commemorating-the-famine\/state-commemoration\/strokestown-co-roscommon2014\/"]}]},{"@type":"ImageObject","inLanguage":"ga-IE","@id":"https:\/\/www.irishfamine.ie\/commemorating-the-famine\/state-commemoration\/strokestown-co-roscommon2014\/#primaryimage","url":"https:\/\/www.irishfamine.ie\/app\/uploads\/2021\/05\/1024x774_Famine-Commemoration_2014_18.jpg","contentUrl":"https:\/\/www.irishfamine.ie\/app\/uploads\/2021\/05\/1024x774_Famine-Commemoration_2014_18.jpg"},{"@type":"BreadcrumbList","@id":"https:\/\/www.irishfamine.ie\/commemorating-the-famine\/state-commemoration\/strokestown-co-roscommon2014\/#breadcrumb","itemListElement":[{"@type":"ListItem","position":1,"name":"Home","item":"https:\/\/www.irishfamine.ie\/ga\/"},{"@type":"ListItem","position":2,"name":"Strokestown, Co Roscommon 2014"}]},{"@type":"WebSite","@id":"https:\/\/www.irishfamine.ie\/ga\/#website","url":"https:\/\/www.irishfamine.ie\/ga\/","name":"National Famine Commemoration","description":"","publisher":{"@id":"https:\/\/www.irishfamine.ie\/ga\/#organization"},"potentialAction":[{"@type":"SearchAction","target":{"@type":"EntryPoint","urlTemplate":"https:\/\/www.irishfamine.ie\/ga\/?s={search_term_string}"},"query-input":{"@type":"PropertyValueSpecification","valueRequired":true,"valueName":"search_term_string"}}],"inLanguage":"ga-IE"},{"@type":"Organization","@id":"https:\/\/www.irishfamine.ie\/ga\/#organization","name":"Department of Tourism, Culture, Arts, Gaeltacht, Sport & Media","url":"https:\/\/www.irishfamine.ie\/ga\/","logo":{"@type":"ImageObject","inLanguage":"ga-IE","@id":"https:\/\/www.irishfamine.ie\/ga\/#\/schema\/logo\/image\/","url":"https:\/\/www.irishfamine.ie\/app\/uploads\/2021\/05\/dep-of-Tourism-Culture-Arts-Gaeltacht-sport-and-media-_logo.png","contentUrl":"https:\/\/www.irishfamine.ie\/app\/uploads\/2021\/05\/dep-of-Tourism-Culture-Arts-Gaeltacht-sport-and-media-_logo.png","width":300,"height":148,"caption":"Department of Tourism, Culture, Arts, Gaeltacht, Sport & Media"},"image":{"@id":"https:\/\/www.irishfamine.ie\/ga\/#\/schema\/logo\/image\/"},"sameAs":["https:\/\/www.facebook.com\/DepartmentofCultureIRL\/","https:\/\/x.com\/DeptCultureIRL"]}]}},"_links":{"self":[{"href":"https:\/\/www.irishfamine.ie\/ga\/wp-json\/wp\/v2\/pages\/3492","targetHints":{"allow":["GET"]}}],"collection":[{"href":"https:\/\/www.irishfamine.ie\/ga\/wp-json\/wp\/v2\/pages"}],"about":[{"href":"https:\/\/www.irishfamine.ie\/ga\/wp-json\/wp\/v2\/types\/page"}],"author":[{"embeddable":true,"href":"https:\/\/www.irishfamine.ie\/ga\/wp-json\/wp\/v2\/users\/3"}],"replies":[{"embeddable":true,"href":"https:\/\/www.irishfamine.ie\/ga\/wp-json\/wp\/v2\/comments?post=3492"}],"version-history":[{"count":1,"href":"https:\/\/www.irishfamine.ie\/ga\/wp-json\/wp\/v2\/pages\/3492\/revisions"}],"predecessor-version":[{"id":3493,"href":"https:\/\/www.irishfamine.ie\/ga\/wp-json\/wp\/v2\/pages\/3492\/revisions\/3493"}],"wp:attachment":[{"href":"https:\/\/www.irishfamine.ie\/ga\/wp-json\/wp\/v2\/media?parent=3492"}],"curies":[{"name":"wp","href":"https:\/\/api.w.org\/{rel}","templated":true}]}}