{"id":3494,"date":"2022-08-19T14:27:23","date_gmt":"2022-08-19T13:27:23","guid":{"rendered":"https:\/\/www.irishfamine.ie\/droichead-atha-2012\/"},"modified":"2024-04-08T11:26:29","modified_gmt":"2024-04-08T10:26:29","slug":"droichead-atha-2012","status":"publish","type":"page","link":"https:\/\/www.irishfamine.ie\/ga\/droichead-atha-2012\/","title":{"rendered":"Droichead \u00c1tha 2012"},"content":{"rendered":"<h6><em>Com\u00f3radh N\u00e1isi\u00fanta an Ghorta Mh\u00f3ir<br \/>13th May 2012<br \/>Droichead \u00c1tha<br \/><\/em><\/h6>\n<p>D&#8217;oscail An Taoiseach Enda Kenny TD agus Jimmy Deenihan T.D., an tAire Eala\u00edon, Oidhreachta agus Gaeltachta agus Cathaoirleach Choiste Cuimhneach\u00e1in N\u00e1isi\u00fanta an Ghorta Mh\u00f3ir, an \u00f3c\u00e1id i nDroichead \u00c1tha ar L\u00e1 Cuimhneach\u00e1in N\u00e1isi\u00fanta an Ghorta Mh\u00f3ir.<\/p>\n<p>Agus \u00e9 ag tr\u00e1cht ar an tionchar buan a bh\u00ed ag an ngorta m\u00f3r ar shocha\u00ed na h\u00c9ireann, d\u00fairt An Taoiseach Enda Kenny T.D.: &#8220;An chuimhne sin a th\u00e1inig chugainn \u00f3 ghl\u00fain go gl\u00fain, spreagann sin gach gn\u00edomhaireacht a chuireann c\u00fanamh ar f\u00e1il, n\u00ed h\u00e9 amh\u00e1in bia a thabhairt chuig an gcuid sin den domhan at\u00e1 i mb\u00e9al forbartha ach d\u00f3chas, f\u00e9in-tuilleama\u00edocht, comhbh\u00e1 agus d\u00ednit freisin. Ar na m\u00f3rthosa\u00edochta\u00ed at\u00e1 ag C\u00fanamh \u00c9ireann t\u00e1 tac\u00fa leis na hiarrachta\u00ed ar fud an domhain chun ocras a laghd\u00fa. Chomh maith le dul i ngleic le riachtanais l\u00e1ithreacha na ndaoine a mb\u00edonn tionchar ag tubaist\u00ed n\u00e1d\u00fartha n\u00f3 tubaist\u00ed c\u00faisithe ag daoine orthu, t\u00e1 \u00c9ire ag dul i ngleic freisin le bunch\u00faiseanna an ocrais agus t\u00e1 an t\u00edr ag t\u00fas cadhna\u00edochta ina stocaire domhanda sa chomhrac i gcoinne an ocrais. Is gn\u00e9 th\u00e1bhachtach \u00ed seo de Chuimhneach\u00e1n N\u00e1isi\u00fanta an Ghorta Mh\u00f3ir.&#8221;<\/p>\n<p>N\u00ed f\u00e9idir imeacht ar bith eile in\u00e1r stair a chur i gcompar\u00e1id leis an nGorta M\u00f3r, b\u00edodh s\u00e9 mar gheall ar a thionchar trag\u00f3ideach l\u00e1ithreach, n\u00f3 mar gheall ar oidhreacht na heisimirce, caillteanas cult\u00fartha agus meath na Gaeilge. Thit daonra na h\u00c9ireann, a bh\u00ed gar do 8.5 milli\u00fan sa bhliain 1845, go 6.6 milli\u00fan faoi 1851.<\/p>\n<p>Le linn bhlianta an Ghorta Mh\u00f3ir bh\u00ed Droichead \u00c1tha ar an dara calafort is m\u00f3 as ar imigh breis is milli\u00fan duine a raibh iallach orthu dul ar eisimirce. Thaistil roinnt go dt\u00ed an Bhreatain agus daoine eile ar aghaidh &#8211; &#8216;lucht an d\u00e1 bh\u00e1d&#8217; &#8211; \u00f3n mBreatain chuig Meirice\u00e1 Thuaidh.<\/p>\n<p>Ghabh an tAire Deenihan bu\u00edochas le muintir Dhroichead \u00c1tha as an bp\u00e1irt a bh\u00ed acu cuimhneach\u00e1n a bheith ann d\u00f3ibhsean ar imigh an gorta i bhfeidhm go m\u00f3r ar a saol: &#8220;Bliain ar leith \u00ed 2012 do mhuintir Dhroichead \u00c1tha sa mh\u00e9id go bhfuil Droichead \u00c1tha ag com\u00f3radh 600 bliain \u00f3 aonta\u00edodh na bailte c\u00faplacha \u00f3 thuaidh agus \u00f3 dheas \u00f3n mB\u00f3inn. C\u00fais mh\u00f3r \u00e1thais dom \u00e9 mar sin go bhfuil Cuimhneach\u00e1n N\u00e1isi\u00fanta an Ghorta Mh\u00f3ir ag tarl\u00fa anseo sa mh\u00e9id gur l\u00e9ir go bhfuil meas m\u00f3r ag muintir Dhroichead \u00c1tha ar a stair. Ar cheann de na pr\u00edomhch\u00faiseanna ar bearta\u00edodh Cuimhneach\u00e1n N\u00e1isi\u00fanta an Ghorta Mh\u00f3ir a re\u00e1cht\u00e1il anseo i mbliana t\u00e1 r\u00f3l Dhroichead \u00c1tha mar chalafort t\u00e1bhachtach i rith an Ghorta &#8220;.<\/p>\n<p>Roimhe seo re\u00e1cht\u00e1ladh Cuimhneach\u00e1n N\u00e1isi\u00fanta an Ghorta Mh\u00f3ir i mBaile \u00c1tha Cliath, sa Sciobair\u00edn Co. Chorca\u00ed, i Muraisc, Co. Mhaigh Eo agus i gCluain Eoias, Co. Mhuineach\u00e1in.<\/p>\n<p>To view the Programme of the event, please click here: <a href=\"http:\/\/irishfamine.ahg.gov.ie\/wp-content\/uploads\/2015\/09\/2012-4-28-Drogheda-Programme.pdf\" target=\"_blank\" rel=\"noopener\">Page 1<\/a> \/ <a href=\"http:\/\/irishfamine.ahg.gov.ie\/wp-content\/uploads\/2015\/09\/2012-4-28-Drogheda-Programme-2.pdf\" target=\"_blank\" rel=\"noopener\">Page 2<\/a><\/p>\n<p>\u00d3r\u00e1id\u00ed:<\/p>\n<ul>\n<li><a href=\"http:\/\/irishfamine.ahg.gov.ie\/wp-content\/uploads\/2015\/09\/Speech-by-Jimmy-Deenihan-T.D.-Minister-for-Arts-Heritage-and-the-Gaeltacht-at-the-Launch-of-the-Le-Typhus-de-1847.pdf\" target=\"_blank\" rel=\"noopener\">Speech by Jimmy Deenihan T.D., Minister for Arts, Heritage and the Gaeltacht at the Launch of the Le Typhus de 1847<\/a><\/li>\n<li><a href=\"http:\/\/irishfamine.ahg.gov.ie\/wp-content\/uploads\/2015\/09\/Speech-by-An-Taoiseach-Mr.-Enda-Kenny-T.D.-at-the-National-Famine-Commemoration-in-Drogheda-Co.-Louth.pdf\" target=\"_blank\" rel=\"noopener\">Speech by An Taoiseach, Mr. Enda Kenny, T.D., at the National Famine Commemoration in Drogheda, Co. Louth<\/a><\/li>\n<li><a href=\"http:\/\/irishfamine.ahg.gov.ie\/wp-content\/uploads\/2015\/09\/Speech-by-Minister-for-Arts-Heritage-and-the-Gaeltacht-Jimmy-Deenihan-T.D.-at-the-National-Famine-Commemoration-in-Drogheda.pdf\" target=\"_blank\" rel=\"noopener\">Speech by Minister for Arts, Heritage and the Gaeltacht, Jimmy Deenihan T.D., at the National Famine Commemoration in Drogheda<\/a><\/li>\n<\/ul>\n<p>Preaseisi\u00faint\u00ed:<\/p>\n<ul>\n<li><a href=\"http:\/\/irishfamine.ahg.gov.ie\/wp-content\/uploads\/2015\/09\/Minister-Deenihan-announces-Drogheda-County-Louth-as-Host-Town-for-2012-National-Famine-Commemoration.pdf\" target=\"_blank\" rel=\"noopener\">Minister Deenihan announces Drogheda, County Louth as Host Town for 2012 National Famine Commemoration<\/a><\/li>\n<li><a href=\"http:\/\/irishfamine.ahg.gov.ie\/wp-content\/uploads\/2015\/09\/Minister-Deenihan-welcomes-Taoiseachs-decision-to-officiate-at-the-National-Famine-Commemoration-in-Drogheda.pdf\" target=\"_blank\" rel=\"noopener\">Minister Deenihan welcomes Taoiseach\u2019s decision to officiate at the National Famine Commemoration in Drogheda<\/a><\/li>\n<li><a href=\"http:\/\/irishfamine.ahg.gov.ie\/wp-content\/uploads\/2015\/09\/Minister-Deenihan-announces-plans-for-Boston-Drogheda-Famine-Commemorations-in-May-2012.pdf\" target=\"_blank\" rel=\"noopener\">Minister Deenihan announces plans for Boston &amp; Drogheda Famine Commemorations in May 2012<\/a><\/li>\n<li><a href=\"http:\/\/irishfamine.ahg.gov.ie\/wp-content\/uploads\/2015\/09\/Minister-for-Arts-Heritage-and-the-Gaeltacht-launches-Virtual-Archive-of-Famine-Stories-The-Typhus-of-1847.pdf\" target=\"_blank\" rel=\"noopener\">Minister for Arts, Heritage and the Gaeltacht launches Virtual Archive of Famine Stories \u2013 The Typhus of 1847<\/a><\/li>\n<li><a href=\"http:\/\/irishfamine.ahg.gov.ie\/wp-content\/uploads\/2015\/09\/Minister-Deenihan-thanks-schools-across-the-country-for-holding-a-minutes-silence-in-tribute-to-those-who-suffered-loss-during-the-Great-Famine.pdf\" target=\"_blank\" rel=\"noopener\">Minister Deenihan thanks schools across the country for holding a minute\u2019s silence in tribute to those who suffered loss during the Great Famine<\/a><\/li>\n<li><a href=\"http:\/\/irishfamine.ahg.gov.ie\/wp-content\/uploads\/2015\/09\/Minister-Deenihan-praises-local-community-on-community-events-to-commemorate-the-Great-Famine.pdf\" target=\"_blank\" rel=\"noopener\">Minister Deenihan praises local community on community events to commemorate the Great Famine<\/a><\/li>\n<li><a href=\"http:\/\/irishfamine.ahg.gov.ie\/wp-content\/uploads\/2015\/09\/Minister-Deenihan-asks-Sporting-Organisations-to-take-part-in-one-minutes-silence-in-tribute-to-those-who-suffered-loss-during-the-Great-Famine.pdf\" target=\"_blank\" rel=\"noopener\">Minister Deenihan asks Sporting Organisations to take part in one minute\u2019s silence in tribute to those who suffered loss during the Great Famine<\/a><\/li>\n<li><a href=\"http:\/\/irishfamine.ahg.gov.ie\/wp-content\/uploads\/2015\/09\/An-Taoiseach-Enda-Kenny-TD-accompanied-by-Jimmy-Deenihan-TD-Minister-for-Arts-Heritage-and-the-Gaeltacht-officiate-at-the-National-Famine-Commemoration-Ceremony-in-Drogheda.pdf\" target=\"_blank\" rel=\"noopener\">An Taoiseach Enda Kenny TD accompanied by Jimmy Deenihan TD Minister for Arts, Heritage and the Gaeltacht officiate at the National Famine Commemoration Ceremony in Drogheda<\/a><\/li>\n<li><a href=\"http:\/\/irishfamine.ahg.gov.ie\/wp-content\/uploads\/2015\/09\/Minister-Deenihan-congratulates-the-local-community-of-Drogheda-on-the-success-of-the-National-Famine-Commemoration-2012.pdf\" target=\"_blank\" rel=\"noopener\">Minister Deenihan congratulates the local community of Drogheda on the success of the National Famine Commemoration 2012<\/a><\/li>\n<li><a href=\"http:\/\/irishfamine.ahg.gov.ie\/wp-content\/uploads\/2015\/09\/Minister-McGinley-remembers-Donegals-Famine-Victims.pdf\" target=\"_blank\" rel=\"noopener\">Minister McGinley remembers Donegal\u2019s Famine Victims<\/a><\/li>\n<li><a href=\"http:\/\/irishfamine.ahg.gov.ie\/wp-content\/uploads\/2015\/09\/Minister-Deenihan-Provides-Copies-of-the-Atlas-of-the-Great-Irish-Famine-1845-52-to-City-and-County-Libraries-Nationwide..pdf\" target=\"_blank\" rel=\"noopener\">Minister Deenihan Provides Copies of the \u2018Atlas of the Great Irish Famine, 1845-52\u2019 to City and County Libraries Nationwide.<\/a><\/li>\n<\/ul>\n<style type=\"text\/css\">\n\t\t\t#gallery-1 {\n\t\t\t\tmargin: auto;\n\t\t\t}\n\t\t\t#gallery-1 .gallery-item {\n\t\t\t\tfloat: left;\n\t\t\t\tmargin-top: 10px;\n\t\t\t\ttext-align: center;\n\t\t\t\twidth: 25%;\n\t\t\t}\n\t\t\t#gallery-1 img {\n\t\t\t\tborder: 2px solid #cfcfcf;\n\t\t\t}\n\t\t\t#gallery-1 .gallery-caption {\n\t\t\t\tmargin-left: 0;\n\t\t\t}\n\t\t\t\/* see gallery_shortcode() in wp-includes\/media.php *\/\n\t\t<\/style>\n<dl class=\"gallery-item\">\n<dt class=\"gallery-icon landscape\">\n\t\t\t\t<a data-elementor-open-lightbox=\"yes\" data-elementor-lightbox-slideshow=\"cb83066\" data-elementor-lightbox-title=\"National-Famine-Commemoration_Drogheda_2012_-(1)\" e-action-hash=\"#elementor-action%3Aaction%3Dlightbox%26settings%3DeyJpZCI6ODIyLCJ1cmwiOiJodHRwczpcL1wvdGVzdC5pcmlzaGZhbWluZS5pZVwvYXBwXC91cGxvYWRzXC8yMDIxXC8wNVwvTmF0aW9uYWwtRmFtaW5lLUNvbW1lbW9yYXRpb25fRHJvZ2hlZGFfMjAxMl8tMS5qcGciLCJzbGlkZXNob3ciOiJjYjgzMDY2In0%3D\" href=\"https:\/\/www.irishfamine.ie\/app\/uploads\/2021\/05\/National-Famine-Commemoration_Drogheda_2012_-1.jpg\"><img decoding=\"async\" width=\"512\" height=\"342\" src=\"https:\/\/www.irishfamine.ie\/app\/uploads\/2021\/05\/National-Famine-Commemoration_Drogheda_2012_-1.jpg\" alt=\"\" loading=\"lazy\" srcset=\"https:\/\/www.irishfamine.ie\/app\/uploads\/2021\/05\/National-Famine-Commemoration_Drogheda_2012_-1.jpg 512w, https:\/\/www.irishfamine.ie\/app\/uploads\/2021\/05\/National-Famine-Commemoration_Drogheda_2012_-1-300x200.jpg 300w\" sizes=\"auto, (max-width: 512px) 100vw, 512px\"><\/a>\n\t\t\t<\/dt>\n<\/dl>\n<dl class=\"gallery-item\">\n<dt class=\"gallery-icon landscape\">\n\t\t\t\t<a data-elementor-open-lightbox=\"yes\" data-elementor-lightbox-slideshow=\"cb83066\" data-elementor-lightbox-title=\"National-Famine-Commemoration_Drogheda_2012_-(10)\" e-action-hash=\"#elementor-action%3Aaction%3Dlightbox%26settings%3DeyJpZCI6ODMxLCJ1cmwiOiJodHRwczpcL1wvdGVzdC5pcmlzaGZhbWluZS5pZVwvYXBwXC91cGxvYWRzXC8yMDIxXC8wNVwvTmF0aW9uYWwtRmFtaW5lLUNvbW1lbW9yYXRpb25fRHJvZ2hlZGFfMjAxMl8tMTAuanBnIiwic2xpZGVzaG93IjoiY2I4MzA2NiJ9\" href=\"https:\/\/www.irishfamine.ie\/app\/uploads\/2021\/05\/National-Famine-Commemoration_Drogheda_2012_-10.jpg\"><img decoding=\"async\" width=\"512\" height=\"342\" src=\"https:\/\/www.irishfamine.ie\/app\/uploads\/2021\/05\/National-Famine-Commemoration_Drogheda_2012_-10.jpg\" alt=\"\" loading=\"lazy\" srcset=\"https:\/\/www.irishfamine.ie\/app\/uploads\/2021\/05\/National-Famine-Commemoration_Drogheda_2012_-10.jpg 512w, https:\/\/www.irishfamine.ie\/app\/uploads\/2021\/05\/National-Famine-Commemoration_Drogheda_2012_-10-300x200.jpg 300w\" sizes=\"auto, (max-width: 512px) 100vw, 512px\"><\/a>\n\t\t\t<\/dt>\n<\/dl>\n<dl class=\"gallery-item\">\n<dt class=\"gallery-icon landscape\">\n\t\t\t\t<a data-elementor-open-lightbox=\"yes\" data-elementor-lightbox-slideshow=\"cb83066\" data-elementor-lightbox-title=\"National-Famine-Commemoration_Drogheda_2012_-(7)\" e-action-hash=\"#elementor-action%3Aaction%3Dlightbox%26settings%3DeyJpZCI6ODI4LCJ1cmwiOiJodHRwczpcL1wvdGVzdC5pcmlzaGZhbWluZS5pZVwvYXBwXC91cGxvYWRzXC8yMDIxXC8wNVwvTmF0aW9uYWwtRmFtaW5lLUNvbW1lbW9yYXRpb25fRHJvZ2hlZGFfMjAxMl8tNy5qcGciLCJzbGlkZXNob3ciOiJjYjgzMDY2In0%3D\" href=\"https:\/\/www.irishfamine.ie\/app\/uploads\/2021\/05\/National-Famine-Commemoration_Drogheda_2012_-7.jpg\"><img decoding=\"async\" width=\"512\" height=\"342\" src=\"https:\/\/www.irishfamine.ie\/app\/uploads\/2021\/05\/National-Famine-Commemoration_Drogheda_2012_-7.jpg\" alt=\"\" loading=\"lazy\" srcset=\"https:\/\/www.irishfamine.ie\/app\/uploads\/2021\/05\/National-Famine-Commemoration_Drogheda_2012_-7.jpg 512w, https:\/\/www.irishfamine.ie\/app\/uploads\/2021\/05\/National-Famine-Commemoration_Drogheda_2012_-7-300x200.jpg 300w\" sizes=\"auto, (max-width: 512px) 100vw, 512px\"><\/a>\n\t\t\t<\/dt>\n<\/dl>\n<dl class=\"gallery-item\">\n<dt class=\"gallery-icon landscape\">\n\t\t\t\t<a data-elementor-open-lightbox=\"yes\" data-elementor-lightbox-slideshow=\"cb83066\" data-elementor-lightbox-title=\"National-Famine-Commemoration_Drogheda_2012_-(9)\" e-action-hash=\"#elementor-action%3Aaction%3Dlightbox%26settings%3DeyJpZCI6ODMwLCJ1cmwiOiJodHRwczpcL1wvdGVzdC5pcmlzaGZhbWluZS5pZVwvYXBwXC91cGxvYWRzXC8yMDIxXC8wNVwvTmF0aW9uYWwtRmFtaW5lLUNvbW1lbW9yYXRpb25fRHJvZ2hlZGFfMjAxMl8tOS5qcGciLCJzbGlkZXNob3ciOiJjYjgzMDY2In0%3D\" href=\"https:\/\/www.irishfamine.ie\/app\/uploads\/2021\/05\/National-Famine-Commemoration_Drogheda_2012_-9.jpg\"><img decoding=\"async\" width=\"512\" height=\"342\" src=\"https:\/\/www.irishfamine.ie\/app\/uploads\/2021\/05\/National-Famine-Commemoration_Drogheda_2012_-9.jpg\" alt=\"\" loading=\"lazy\" srcset=\"https:\/\/www.irishfamine.ie\/app\/uploads\/2021\/05\/National-Famine-Commemoration_Drogheda_2012_-9.jpg 512w, https:\/\/www.irishfamine.ie\/app\/uploads\/2021\/05\/National-Famine-Commemoration_Drogheda_2012_-9-300x200.jpg 300w\" sizes=\"auto, (max-width: 512px) 100vw, 512px\"><\/a>\n\t\t\t<\/dt>\n<\/dl>\n<p><br style=\"clear: both\"><\/p>\n<dl class=\"gallery-item\">\n<dt class=\"gallery-icon landscape\">\n\t\t\t\t<a data-elementor-open-lightbox=\"yes\" data-elementor-lightbox-slideshow=\"cb83066\" data-elementor-lightbox-title=\"National-Famine-Commemoration_Drogheda_2012_-(8)\" e-action-hash=\"#elementor-action%3Aaction%3Dlightbox%26settings%3DeyJpZCI6ODI5LCJ1cmwiOiJodHRwczpcL1wvdGVzdC5pcmlzaGZhbWluZS5pZVwvYXBwXC91cGxvYWRzXC8yMDIxXC8wNVwvTmF0aW9uYWwtRmFtaW5lLUNvbW1lbW9yYXRpb25fRHJvZ2hlZGFfMjAxMl8tOC5qcGciLCJzbGlkZXNob3ciOiJjYjgzMDY2In0%3D\" href=\"https:\/\/www.irishfamine.ie\/app\/uploads\/2021\/05\/National-Famine-Commemoration_Drogheda_2012_-8.jpg\"><img decoding=\"async\" width=\"512\" height=\"342\" src=\"https:\/\/www.irishfamine.ie\/app\/uploads\/2021\/05\/National-Famine-Commemoration_Drogheda_2012_-8.jpg\" alt=\"\" loading=\"lazy\" srcset=\"https:\/\/www.irishfamine.ie\/app\/uploads\/2021\/05\/National-Famine-Commemoration_Drogheda_2012_-8.jpg 512w, https:\/\/www.irishfamine.ie\/app\/uploads\/2021\/05\/National-Famine-Commemoration_Drogheda_2012_-8-300x200.jpg 300w\" sizes=\"auto, (max-width: 512px) 100vw, 512px\"><\/a>\n\t\t\t<\/dt>\n<\/dl>\n<dl class=\"gallery-item\">\n<dt class=\"gallery-icon landscape\">\n\t\t\t\t<a data-elementor-open-lightbox=\"yes\" data-elementor-lightbox-slideshow=\"cb83066\" data-elementor-lightbox-title=\"National-Famine-Commemoration_Drogheda_2012_-(6)\" e-action-hash=\"#elementor-action%3Aaction%3Dlightbox%26settings%3DeyJpZCI6ODI3LCJ1cmwiOiJodHRwczpcL1wvdGVzdC5pcmlzaGZhbWluZS5pZVwvYXBwXC91cGxvYWRzXC8yMDIxXC8wNVwvTmF0aW9uYWwtRmFtaW5lLUNvbW1lbW9yYXRpb25fRHJvZ2hlZGFfMjAxMl8tNi5qcGciLCJzbGlkZXNob3ciOiJjYjgzMDY2In0%3D\" href=\"https:\/\/www.irishfamine.ie\/app\/uploads\/2021\/05\/National-Famine-Commemoration_Drogheda_2012_-6.jpg\"><img decoding=\"async\" width=\"512\" height=\"342\" src=\"https:\/\/www.irishfamine.ie\/app\/uploads\/2021\/05\/National-Famine-Commemoration_Drogheda_2012_-6.jpg\" alt=\"\" loading=\"lazy\" srcset=\"https:\/\/www.irishfamine.ie\/app\/uploads\/2021\/05\/National-Famine-Commemoration_Drogheda_2012_-6.jpg 512w, https:\/\/www.irishfamine.ie\/app\/uploads\/2021\/05\/National-Famine-Commemoration_Drogheda_2012_-6-300x200.jpg 300w\" sizes=\"auto, (max-width: 512px) 100vw, 512px\"><\/a>\n\t\t\t<\/dt>\n<\/dl>\n<dl class=\"gallery-item\">\n<dt class=\"gallery-icon landscape\">\n\t\t\t\t<a data-elementor-open-lightbox=\"yes\" data-elementor-lightbox-slideshow=\"cb83066\" data-elementor-lightbox-title=\"National-Famine-Commemoration_Drogheda_2012_-(5)\" e-action-hash=\"#elementor-action%3Aaction%3Dlightbox%26settings%3DeyJpZCI6ODI2LCJ1cmwiOiJodHRwczpcL1wvdGVzdC5pcmlzaGZhbWluZS5pZVwvYXBwXC91cGxvYWRzXC8yMDIxXC8wNVwvTmF0aW9uYWwtRmFtaW5lLUNvbW1lbW9yYXRpb25fRHJvZ2hlZGFfMjAxMl8tNS5qcGciLCJzbGlkZXNob3ciOiJjYjgzMDY2In0%3D\" href=\"https:\/\/www.irishfamine.ie\/app\/uploads\/2021\/05\/National-Famine-Commemoration_Drogheda_2012_-5.jpg\"><img decoding=\"async\" width=\"512\" height=\"342\" src=\"https:\/\/www.irishfamine.ie\/app\/uploads\/2021\/05\/National-Famine-Commemoration_Drogheda_2012_-5.jpg\" alt=\"\" loading=\"lazy\" srcset=\"https:\/\/www.irishfamine.ie\/app\/uploads\/2021\/05\/National-Famine-Commemoration_Drogheda_2012_-5.jpg 512w, https:\/\/www.irishfamine.ie\/app\/uploads\/2021\/05\/National-Famine-Commemoration_Drogheda_2012_-5-300x200.jpg 300w\" sizes=\"auto, (max-width: 512px) 100vw, 512px\"><\/a>\n\t\t\t<\/dt>\n<\/dl>\n<dl class=\"gallery-item\">\n<dt class=\"gallery-icon landscape\">\n\t\t\t\t<a data-elementor-open-lightbox=\"yes\" data-elementor-lightbox-slideshow=\"cb83066\" data-elementor-lightbox-title=\"National-Famine-Commemoration_Drogheda_2012_-(3)\" e-action-hash=\"#elementor-action%3Aaction%3Dlightbox%26settings%3DeyJpZCI6ODI0LCJ1cmwiOiJodHRwczpcL1wvdGVzdC5pcmlzaGZhbWluZS5pZVwvYXBwXC91cGxvYWRzXC8yMDIxXC8wNVwvTmF0aW9uYWwtRmFtaW5lLUNvbW1lbW9yYXRpb25fRHJvZ2hlZGFfMjAxMl8tMy5qcGciLCJzbGlkZXNob3ciOiJjYjgzMDY2In0%3D\" href=\"https:\/\/www.irishfamine.ie\/app\/uploads\/2021\/05\/National-Famine-Commemoration_Drogheda_2012_-3.jpg\"><img decoding=\"async\" width=\"512\" height=\"342\" src=\"https:\/\/www.irishfamine.ie\/app\/uploads\/2021\/05\/National-Famine-Commemoration_Drogheda_2012_-3.jpg\" alt=\"\" loading=\"lazy\" srcset=\"https:\/\/www.irishfamine.ie\/app\/uploads\/2021\/05\/National-Famine-Commemoration_Drogheda_2012_-3.jpg 512w, https:\/\/www.irishfamine.ie\/app\/uploads\/2021\/05\/National-Famine-Commemoration_Drogheda_2012_-3-300x200.jpg 300w\" sizes=\"auto, (max-width: 512px) 100vw, 512px\"><\/a>\n\t\t\t<\/dt>\n<\/dl>\n<p><br style=\"clear: both\"><\/p>\n<dl class=\"gallery-item\">\n<dt class=\"gallery-icon portrait\">\n\t\t\t\t<a data-elementor-open-lightbox=\"yes\" data-elementor-lightbox-slideshow=\"cb83066\" data-elementor-lightbox-title=\"National-Famine-Commemoration_Drogheda_2012_-(4)\" e-action-hash=\"#elementor-action%3Aaction%3Dlightbox%26settings%3DeyJpZCI6ODI1LCJ1cmwiOiJodHRwczpcL1wvdGVzdC5pcmlzaGZhbWluZS5pZVwvYXBwXC91cGxvYWRzXC8yMDIxXC8wNVwvTmF0aW9uYWwtRmFtaW5lLUNvbW1lbW9yYXRpb25fRHJvZ2hlZGFfMjAxMl8tNC5qcGciLCJzbGlkZXNob3ciOiJjYjgzMDY2In0%3D\" href=\"https:\/\/www.irishfamine.ie\/app\/uploads\/2021\/05\/National-Famine-Commemoration_Drogheda_2012_-4.jpg\"><img decoding=\"async\" width=\"342\" height=\"513\" src=\"https:\/\/www.irishfamine.ie\/app\/uploads\/2021\/05\/National-Famine-Commemoration_Drogheda_2012_-4.jpg\" alt=\"\" loading=\"lazy\" srcset=\"https:\/\/www.irishfamine.ie\/app\/uploads\/2021\/05\/National-Famine-Commemoration_Drogheda_2012_-4.jpg 342w, https:\/\/www.irishfamine.ie\/app\/uploads\/2021\/05\/National-Famine-Commemoration_Drogheda_2012_-4-200x300.jpg 200w\" sizes=\"auto, (max-width: 342px) 100vw, 342px\"><\/a>\n\t\t\t<\/dt>\n<\/dl>\n<dl class=\"gallery-item\">\n<dt class=\"gallery-icon portrait\">\n\t\t\t\t<a data-elementor-open-lightbox=\"yes\" data-elementor-lightbox-slideshow=\"cb83066\" data-elementor-lightbox-title=\"National-Famine-Commemoration_Drogheda_2012_-(2)\" e-action-hash=\"#elementor-action%3Aaction%3Dlightbox%26settings%3DeyJpZCI6ODIzLCJ1cmwiOiJodHRwczpcL1wvdGVzdC5pcmlzaGZhbWluZS5pZVwvYXBwXC91cGxvYWRzXC8yMDIxXC8wNVwvTmF0aW9uYWwtRmFtaW5lLUNvbW1lbW9yYXRpb25fRHJvZ2hlZGFfMjAxMl8tMi5qcGciLCJzbGlkZXNob3ciOiJjYjgzMDY2In0%3D\" href=\"https:\/\/www.irishfamine.ie\/app\/uploads\/2021\/05\/National-Famine-Commemoration_Drogheda_2012_-2.jpg\"><img decoding=\"async\" width=\"342\" height=\"513\" src=\"https:\/\/www.irishfamine.ie\/app\/uploads\/2021\/05\/National-Famine-Commemoration_Drogheda_2012_-2.jpg\" alt=\"\" loading=\"lazy\" srcset=\"https:\/\/www.irishfamine.ie\/app\/uploads\/2021\/05\/National-Famine-Commemoration_Drogheda_2012_-2.jpg 342w, https:\/\/www.irishfamine.ie\/app\/uploads\/2021\/05\/National-Famine-Commemoration_Drogheda_2012_-2-200x300.jpg 200w\" sizes=\"auto, (max-width: 342px) 100vw, 342px\"><\/a>\n\t\t\t<\/dt>\n<\/dl>\n<p>\t\t\t<br style=\"clear: both\"><\/p>\n","protected":false},"excerpt":{"rendered":"<p>Com\u00f3radh N\u00e1isi\u00fanta an Ghorta Mh\u00f3ir13th May 2012Droichead \u00c1tha D&#8217;oscail An Taoiseach Enda Kenny TD agus Jimmy Deenihan T.D., an tAire Eala\u00edon, Oidhreachta agus Gaeltachta agus Cathaoirleach Choiste Cuimhneach\u00e1in N\u00e1isi\u00fanta an Ghorta Mh\u00f3ir, an \u00f3c\u00e1id i nDroichead \u00c1tha ar L\u00e1 Cuimhneach\u00e1in N\u00e1isi\u00fanta an Ghorta Mh\u00f3ir. Agus \u00e9 ag tr\u00e1cht ar an tionchar buan a bh\u00ed ag&#8230; <\/p>\n","protected":false},"author":3,"featured_media":0,"parent":0,"menu_order":0,"comment_status":"closed","ping_status":"closed","template":"full-width.php","meta":{"footnotes":""},"class_list":["post-3494","page","type-page","status-publish","hentry"],"yoast_head":"<!-- This site is optimized with the Yoast SEO plugin v27.2 - https:\/\/yoast.com\/product\/yoast-seo-wordpress\/ -->\n<title>Droichead \u00c1tha 2012 - Com\u00f3radh N\u00e1isi\u00fanta an Ghorta Mh\u00f3ir<\/title>\n<meta name=\"robots\" content=\"index, follow, max-snippet:-1, max-image-preview:large, max-video-preview:-1\" \/>\n<link rel=\"canonical\" href=\"https:\/\/www.irishfamine.ie\/commemorating-the-famine\/state-commemoration\/drogheda-2012\/\" \/>\n<meta property=\"og:locale\" content=\"ga_IE\" \/>\n<meta property=\"og:type\" content=\"article\" \/>\n<meta property=\"og:title\" content=\"Droichead \u00c1tha 2012 - Com\u00f3radh N\u00e1isi\u00fanta an Ghorta Mh\u00f3ir\" \/>\n<meta property=\"og:description\" content=\"Com\u00f3radh N\u00e1isi\u00fanta an Ghorta Mh\u00f3ir13th May 2012Droichead \u00c1tha D&#8217;oscail An Taoiseach Enda Kenny TD agus Jimmy Deenihan T.D., an tAire Eala\u00edon, Oidhreachta agus Gaeltachta agus Cathaoirleach Choiste Cuimhneach\u00e1in N\u00e1isi\u00fanta an Ghorta Mh\u00f3ir, an \u00f3c\u00e1id i nDroichead \u00c1tha ar L\u00e1 Cuimhneach\u00e1in N\u00e1isi\u00fanta an Ghorta Mh\u00f3ir. Agus \u00e9 ag tr\u00e1cht ar an tionchar buan a bh\u00ed ag...\" \/>\n<meta property=\"og:url\" content=\"https:\/\/www.irishfamine.ie\/commemorating-the-famine\/state-commemoration\/drogheda-2012\/\" \/>\n<meta property=\"og:site_name\" content=\"Com\u00f3radh N\u00e1isi\u00fanta an Ghorta Mh\u00f3ir\" \/>\n<meta property=\"article:publisher\" content=\"https:\/\/www.facebook.com\/DepartmentofCultureIRL\/\" \/>\n<meta property=\"article:modified_time\" content=\"2024-04-08T10:26:29+00:00\" \/>\n<meta property=\"og:image\" content=\"https:\/\/www.irishfamine.ie\/app\/uploads\/2021\/05\/National-Famine-Commemoration_Drogheda_2012_-1.jpg\" \/>\n<meta name=\"twitter:card\" content=\"summary_large_image\" \/>\n<meta name=\"twitter:site\" content=\"@DeptCultureIRL\" \/>\n<meta name=\"twitter:label1\" content=\"Est. reading time\" \/>\n\t<meta name=\"twitter:data1\" content=\"4 minutes\" \/>\n<script type=\"application\/ld+json\" class=\"yoast-schema-graph\">{\"@context\":\"https:\/\/schema.org\",\"@graph\":[{\"@type\":\"WebPage\",\"@id\":\"https:\/\/www.irishfamine.ie\/commemorating-the-famine\/state-commemoration\/drogheda-2012\/\",\"url\":\"https:\/\/www.irishfamine.ie\/commemorating-the-famine\/state-commemoration\/drogheda-2012\/\",\"name\":\"Droichead \u00c1tha 2012 - Com\u00f3radh N\u00e1isi\u00fanta an Ghorta Mh\u00f3ir\",\"isPartOf\":{\"@id\":\"https:\/\/www.irishfamine.ie\/ga\/#website\"},\"primaryImageOfPage\":{\"@id\":\"https:\/\/www.irishfamine.ie\/commemorating-the-famine\/state-commemoration\/drogheda-2012\/#primaryimage\"},\"image\":{\"@id\":\"https:\/\/www.irishfamine.ie\/commemorating-the-famine\/state-commemoration\/drogheda-2012\/#primaryimage\"},\"thumbnailUrl\":\"https:\/\/www.irishfamine.ie\/app\/uploads\/2021\/05\/National-Famine-Commemoration_Drogheda_2012_-1.jpg\",\"datePublished\":\"2022-08-19T13:27:23+00:00\",\"dateModified\":\"2024-04-08T10:26:29+00:00\",\"breadcrumb\":{\"@id\":\"https:\/\/www.irishfamine.ie\/commemorating-the-famine\/state-commemoration\/drogheda-2012\/#breadcrumb\"},\"inLanguage\":\"ga-IE\",\"potentialAction\":[{\"@type\":\"ReadAction\",\"target\":[\"https:\/\/www.irishfamine.ie\/commemorating-the-famine\/state-commemoration\/drogheda-2012\/\"]}]},{\"@type\":\"ImageObject\",\"inLanguage\":\"ga-IE\",\"@id\":\"https:\/\/www.irishfamine.ie\/commemorating-the-famine\/state-commemoration\/drogheda-2012\/#primaryimage\",\"url\":\"https:\/\/www.irishfamine.ie\/app\/uploads\/2021\/05\/National-Famine-Commemoration_Drogheda_2012_-1.jpg\",\"contentUrl\":\"https:\/\/www.irishfamine.ie\/app\/uploads\/2021\/05\/National-Famine-Commemoration_Drogheda_2012_-1.jpg\"},{\"@type\":\"BreadcrumbList\",\"@id\":\"https:\/\/www.irishfamine.ie\/commemorating-the-famine\/state-commemoration\/drogheda-2012\/#breadcrumb\",\"itemListElement\":[{\"@type\":\"ListItem\",\"position\":1,\"name\":\"Home\",\"item\":\"https:\/\/www.irishfamine.ie\/ga\/\"},{\"@type\":\"ListItem\",\"position\":2,\"name\":\"Droichead \u00c1tha 2012\"}]},{\"@type\":\"WebSite\",\"@id\":\"https:\/\/www.irishfamine.ie\/ga\/#website\",\"url\":\"https:\/\/www.irishfamine.ie\/ga\/\",\"name\":\"National Famine Commemoration\",\"description\":\"\",\"publisher\":{\"@id\":\"https:\/\/www.irishfamine.ie\/ga\/#organization\"},\"potentialAction\":[{\"@type\":\"SearchAction\",\"target\":{\"@type\":\"EntryPoint\",\"urlTemplate\":\"https:\/\/www.irishfamine.ie\/ga\/?s={search_term_string}\"},\"query-input\":{\"@type\":\"PropertyValueSpecification\",\"valueRequired\":true,\"valueName\":\"search_term_string\"}}],\"inLanguage\":\"ga-IE\"},{\"@type\":\"Organization\",\"@id\":\"https:\/\/www.irishfamine.ie\/ga\/#organization\",\"name\":\"Department of Tourism, Culture, Arts, Gaeltacht, Sport & Media\",\"url\":\"https:\/\/www.irishfamine.ie\/ga\/\",\"logo\":{\"@type\":\"ImageObject\",\"inLanguage\":\"ga-IE\",\"@id\":\"https:\/\/www.irishfamine.ie\/ga\/#\/schema\/logo\/image\/\",\"url\":\"https:\/\/www.irishfamine.ie\/app\/uploads\/2021\/05\/dep-of-Tourism-Culture-Arts-Gaeltacht-sport-and-media-_logo.png\",\"contentUrl\":\"https:\/\/www.irishfamine.ie\/app\/uploads\/2021\/05\/dep-of-Tourism-Culture-Arts-Gaeltacht-sport-and-media-_logo.png\",\"width\":300,\"height\":148,\"caption\":\"Department of Tourism, Culture, Arts, Gaeltacht, Sport & Media\"},\"image\":{\"@id\":\"https:\/\/www.irishfamine.ie\/ga\/#\/schema\/logo\/image\/\"},\"sameAs\":[\"https:\/\/www.facebook.com\/DepartmentofCultureIRL\/\",\"https:\/\/x.com\/DeptCultureIRL\"]}]}<\/script>\n<!-- \/ Yoast SEO plugin. -->","yoast_head_json":{"title":"Droichead \u00c1tha 2012 - Com\u00f3radh N\u00e1isi\u00fanta an Ghorta Mh\u00f3ir","robots":{"index":"index","follow":"follow","max-snippet":"max-snippet:-1","max-image-preview":"max-image-preview:large","max-video-preview":"max-video-preview:-1"},"canonical":"https:\/\/www.irishfamine.ie\/commemorating-the-famine\/state-commemoration\/drogheda-2012\/","og_locale":"ga_IE","og_type":"article","og_title":"Droichead \u00c1tha 2012 - Com\u00f3radh N\u00e1isi\u00fanta an Ghorta Mh\u00f3ir","og_description":"Com\u00f3radh N\u00e1isi\u00fanta an Ghorta Mh\u00f3ir13th May 2012Droichead \u00c1tha D&#8217;oscail An Taoiseach Enda Kenny TD agus Jimmy Deenihan T.D., an tAire Eala\u00edon, Oidhreachta agus Gaeltachta agus Cathaoirleach Choiste Cuimhneach\u00e1in N\u00e1isi\u00fanta an Ghorta Mh\u00f3ir, an \u00f3c\u00e1id i nDroichead \u00c1tha ar L\u00e1 Cuimhneach\u00e1in N\u00e1isi\u00fanta an Ghorta Mh\u00f3ir. Agus \u00e9 ag tr\u00e1cht ar an tionchar buan a bh\u00ed ag...","og_url":"https:\/\/www.irishfamine.ie\/commemorating-the-famine\/state-commemoration\/drogheda-2012\/","og_site_name":"Com\u00f3radh N\u00e1isi\u00fanta an Ghorta Mh\u00f3ir","article_publisher":"https:\/\/www.facebook.com\/DepartmentofCultureIRL\/","article_modified_time":"2024-04-08T10:26:29+00:00","og_image":[{"url":"https:\/\/www.irishfamine.ie\/app\/uploads\/2021\/05\/National-Famine-Commemoration_Drogheda_2012_-1.jpg","type":"","width":"","height":""}],"twitter_card":"summary_large_image","twitter_site":"@DeptCultureIRL","twitter_misc":{"Est. reading time":"4 minutes"},"schema":{"@context":"https:\/\/schema.org","@graph":[{"@type":"WebPage","@id":"https:\/\/www.irishfamine.ie\/commemorating-the-famine\/state-commemoration\/drogheda-2012\/","url":"https:\/\/www.irishfamine.ie\/commemorating-the-famine\/state-commemoration\/drogheda-2012\/","name":"Droichead \u00c1tha 2012 - Com\u00f3radh N\u00e1isi\u00fanta an Ghorta Mh\u00f3ir","isPartOf":{"@id":"https:\/\/www.irishfamine.ie\/ga\/#website"},"primaryImageOfPage":{"@id":"https:\/\/www.irishfamine.ie\/commemorating-the-famine\/state-commemoration\/drogheda-2012\/#primaryimage"},"image":{"@id":"https:\/\/www.irishfamine.ie\/commemorating-the-famine\/state-commemoration\/drogheda-2012\/#primaryimage"},"thumbnailUrl":"https:\/\/www.irishfamine.ie\/app\/uploads\/2021\/05\/National-Famine-Commemoration_Drogheda_2012_-1.jpg","datePublished":"2022-08-19T13:27:23+00:00","dateModified":"2024-04-08T10:26:29+00:00","breadcrumb":{"@id":"https:\/\/www.irishfamine.ie\/commemorating-the-famine\/state-commemoration\/drogheda-2012\/#breadcrumb"},"inLanguage":"ga-IE","potentialAction":[{"@type":"ReadAction","target":["https:\/\/www.irishfamine.ie\/commemorating-the-famine\/state-commemoration\/drogheda-2012\/"]}]},{"@type":"ImageObject","inLanguage":"ga-IE","@id":"https:\/\/www.irishfamine.ie\/commemorating-the-famine\/state-commemoration\/drogheda-2012\/#primaryimage","url":"https:\/\/www.irishfamine.ie\/app\/uploads\/2021\/05\/National-Famine-Commemoration_Drogheda_2012_-1.jpg","contentUrl":"https:\/\/www.irishfamine.ie\/app\/uploads\/2021\/05\/National-Famine-Commemoration_Drogheda_2012_-1.jpg"},{"@type":"BreadcrumbList","@id":"https:\/\/www.irishfamine.ie\/commemorating-the-famine\/state-commemoration\/drogheda-2012\/#breadcrumb","itemListElement":[{"@type":"ListItem","position":1,"name":"Home","item":"https:\/\/www.irishfamine.ie\/ga\/"},{"@type":"ListItem","position":2,"name":"Droichead \u00c1tha 2012"}]},{"@type":"WebSite","@id":"https:\/\/www.irishfamine.ie\/ga\/#website","url":"https:\/\/www.irishfamine.ie\/ga\/","name":"National Famine Commemoration","description":"","publisher":{"@id":"https:\/\/www.irishfamine.ie\/ga\/#organization"},"potentialAction":[{"@type":"SearchAction","target":{"@type":"EntryPoint","urlTemplate":"https:\/\/www.irishfamine.ie\/ga\/?s={search_term_string}"},"query-input":{"@type":"PropertyValueSpecification","valueRequired":true,"valueName":"search_term_string"}}],"inLanguage":"ga-IE"},{"@type":"Organization","@id":"https:\/\/www.irishfamine.ie\/ga\/#organization","name":"Department of Tourism, Culture, Arts, Gaeltacht, Sport & Media","url":"https:\/\/www.irishfamine.ie\/ga\/","logo":{"@type":"ImageObject","inLanguage":"ga-IE","@id":"https:\/\/www.irishfamine.ie\/ga\/#\/schema\/logo\/image\/","url":"https:\/\/www.irishfamine.ie\/app\/uploads\/2021\/05\/dep-of-Tourism-Culture-Arts-Gaeltacht-sport-and-media-_logo.png","contentUrl":"https:\/\/www.irishfamine.ie\/app\/uploads\/2021\/05\/dep-of-Tourism-Culture-Arts-Gaeltacht-sport-and-media-_logo.png","width":300,"height":148,"caption":"Department of Tourism, Culture, Arts, Gaeltacht, Sport & Media"},"image":{"@id":"https:\/\/www.irishfamine.ie\/ga\/#\/schema\/logo\/image\/"},"sameAs":["https:\/\/www.facebook.com\/DepartmentofCultureIRL\/","https:\/\/x.com\/DeptCultureIRL"]}]}},"_links":{"self":[{"href":"https:\/\/www.irishfamine.ie\/ga\/wp-json\/wp\/v2\/pages\/3494","targetHints":{"allow":["GET"]}}],"collection":[{"href":"https:\/\/www.irishfamine.ie\/ga\/wp-json\/wp\/v2\/pages"}],"about":[{"href":"https:\/\/www.irishfamine.ie\/ga\/wp-json\/wp\/v2\/types\/page"}],"author":[{"embeddable":true,"href":"https:\/\/www.irishfamine.ie\/ga\/wp-json\/wp\/v2\/users\/3"}],"replies":[{"embeddable":true,"href":"https:\/\/www.irishfamine.ie\/ga\/wp-json\/wp\/v2\/comments?post=3494"}],"version-history":[{"count":1,"href":"https:\/\/www.irishfamine.ie\/ga\/wp-json\/wp\/v2\/pages\/3494\/revisions"}],"predecessor-version":[{"id":3495,"href":"https:\/\/www.irishfamine.ie\/ga\/wp-json\/wp\/v2\/pages\/3494\/revisions\/3495"}],"wp:attachment":[{"href":"https:\/\/www.irishfamine.ie\/ga\/wp-json\/wp\/v2\/media?parent=3494"}],"curies":[{"name":"wp","href":"https:\/\/api.w.org\/{rel}","templated":true}]}}